{"id":9150,"date":"2024-01-29T08:32:03","date_gmt":"2024-01-29T07:32:03","guid":{"rendered":"http:\/\/przedszkola-lwowekslaski.pl\/nowa\/?page_id=9150"},"modified":"2024-01-29T08:36:13","modified_gmt":"2024-01-29T07:36:13","slug":"wizyta-kolejarzy-w-przedszkolu-27-11-2023r","status":"publish","type":"page","link":"http:\/\/przedszkola-lwowekslaski.pl\/nowa\/wizyta-kolejarzy-w-przedszkolu-27-11-2023r\/","title":{"rendered":",,Wizyta kolejarzy w przedszkolu&#8221; &#8211; 27.11.2023r."},"content":{"rendered":"\n<p>Dzieci spotka\u0142y si\u0119 z kolejarzami z PKP Polskich Linii Kolejowych S.A. &#8211; z Posterunku Stra\u017cy Ochrony Kolei z Jeleniej G\u00f3ry &#8211; wzi\u0119\u0142y udzia\u0142 w zaj\u0119ciach edukacyjnych. Pozna\u0142y zasady bezpiecze\u0144stwa na torach.<\/p>\n\n\n<div  id=\"jtg-9152\" class=\"modula modula-gallery modula-creative-gallery\" data-config=\"{&quot;height&quot;:800,&quot;tabletHeight&quot;:800,&quot;mobileHeight&quot;:800,&quot;desktopHeight&quot;:800,&quot;enableTwitter&quot;:false,&quot;enableWhatsapp&quot;:false,&quot;enableFacebook&quot;:false,&quot;enablePinterest&quot;:false,&quot;enableLinkedin&quot;:false,&quot;enableEmail&quot;:false,&quot;randomFactor&quot;:0.05,&quot;type&quot;:&quot;creative-gallery&quot;,&quot;columns&quot;:12,&quot;gutter&quot;:10,&quot;mobileGutter&quot;:10,&quot;tabletGutter&quot;:10,&quot;desktopGutter&quot;:10,&quot;enableResponsive&quot;:&quot;0&quot;,&quot;tabletColumns&quot;:&quot;2&quot;,&quot;mobileColumns&quot;:&quot;1&quot;,&quot;lazyLoad&quot;:0,&quot;lightboxOpts&quot;:{&quot;animated&quot;:true,&quot;Thumbs&quot;:{&quot;type&quot;:&quot;modern&quot;,&quot;showOnStart&quot;:false},&quot;Toolbar&quot;:{&quot;display&quot;:{&quot;right&quot;:[&quot;close&quot;]},&quot;enabled&quot;:true},&quot;Carousel&quot;:{&quot;Panzoom&quot;:{&quot;touch&quot;:true},&quot;infinite&quot;:false},&quot;keyboard&quot;:{&quot;Escape&quot;:&quot;close&quot;,&quot;Delete&quot;:&quot;close&quot;,&quot;Backspace&quot;:&quot;close&quot;,&quot;PageUp&quot;:false,&quot;PageDown&quot;:false,&quot;ArrowUp&quot;:false,&quot;ArrowDown&quot;:false,&quot;ArrowRight&quot;:false,&quot;ArrowLeft&quot;:false},&quot;touch&quot;:false,&quot;backdropClick&quot;:false,&quot;l10n&quot;:{&quot;CLOSE&quot;:&quot;Zamknij&quot;,&quot;NEXT&quot;:&quot;Nast\\u0119pny&quot;,&quot;PREV&quot;:&quot;Poprzedni&quot;,&quot;Error&quot;:&quot;Nie mo\\u017cna wczyta\\u0107 \\u017c\\u0105danej tre\\u015bci. Spr\\u00f3buj ponownie p\\u00f3\\u017aniej.&quot;,&quot;PLAY_START&quot;:&quot;Rozpocznij pokaz slajd\\u00f3w&quot;,&quot;PLAY_STOP&quot;:&quot;Zatrzymaj pokaz slajd\\u00f3w&quot;,&quot;FULL_SCREEN&quot;:&quot;Pe\\u0142ny ekran&quot;,&quot;THUMBS&quot;:&quot;Miniaturki&quot;,&quot;DOWNLOAD&quot;:&quot;Pobieranie&quot;,&quot;SHARE&quot;:&quot;Udost\\u0119pnij&quot;,&quot;ZOOM&quot;:&quot;Powi\\u0119kszenie&quot;,&quot;EMAIL&quot;:&quot;Here is the link to the image : %%image_link%% and this is the link to the gallery : %%gallery_link%%&quot;,&quot;MODAL&quot;:&quot;Mo\\u017cesz zamkn\\u0105\\u0107 t\\u0119 zawarto\\u015b\\u0107 okna modalnego za pomoc\\u0105 klawisza ESC&quot;,&quot;ERROR&quot;:&quot;Co\\u015b posz\\u0142o nie tak. Spr\\u00f3buj ponownie p\\u00f3\\u017aniej&quot;,&quot;IMAGE_ERROR&quot;:&quot;Nie znaleziono obrazka&quot;,&quot;ELEMENT_NOT_FOUND&quot;:&quot;Nie znaleziono elementu HTML&quot;,&quot;AJAX_NOT_FOUND&quot;:&quot;B\\u0142\\u0105d wczytywania AJAX: Nie znaleziono&quot;,&quot;AJAX_FORBIDDEN&quot;:&quot;B\\u0142\\u0105d wczytywania AJAX: Zabronione&quot;,&quot;IFRAME_ERROR&quot;:&quot;B\\u0142\\u0105d wczytywania strony&quot;,&quot;TOGGLE_ZOOM&quot;:&quot;Prze\\u0142\\u0105cz poziom powi\\u0119kszenia&quot;,&quot;TOGGLE_THUMBS&quot;:&quot;Prze\\u0142\\u0105cz miniaturki&quot;,&quot;TOGGLE_SLIDESHOW&quot;:&quot;Prze\\u0142\\u0105cz pokaz slajd\\u00f3w&quot;,&quot;TOGGLE_FULLSCREEN&quot;:&quot;Prze\\u0142\\u0105cz tryb pe\\u0142noekranowy&quot;},&quot;Images&quot;:{&quot;Panzoom&quot;:{&quot;maxScale&quot;:2}},&quot;mainClass&quot;:&quot;modula-fancybox-container modula-lightbox-jtg-9152&quot;,&quot;Html&quot;:{&quot;videoAutoplay&quot;:0,&quot;videoTpl&quot;:&quot;&lt;video class=\\&quot;fancybox__html5video\\&quot; controls muted playsinline controlsList controlsList=\\&quot;nodownload\\&quot; poster=\\&quot;{{poster}}\\&quot; src=\\&quot;{{src}}\\&quot; type=\\&quot;{{format}}\\&quot; &gt;  Sorry, your browser doesn&#039;t support embedded videos, &lt;a href=\\&quot;{{src}}\\&quot;&gt; download &lt;\\\/a&gt; and watch with your favorite video player! &lt;\\\/video&gt;&quot;}},&quot;inView&quot;:false,&quot;email_subject&quot;:&quot;Sprawd\\u017a ten niesamowity obrazek!&quot;,&quot;email_message&quot;:&quot;Oto odno\\u015bnik do obrazku: %%image_link%%, a to odno\\u015bnik do galerii: %%gallery_link%%&quot;,&quot;lightbox&quot;:&quot;fancybox&quot;}\">\n\n\t\n\t<div  class=\"modula-items\">\n\t\t<div class=\"modula-item effect-pufrobo\" >\n\t<div class=\"modula-item-overlay\"><\/div>\n\n\t<div class=\"modula-item-content\">\n\n\t\t<a data-image-id=\"9153\" role=\"button\" data-elementor-open-lightbox=\"no\" tabindex=\"0\" rel=\"jtg-9152\" data-caption=\"\" aria-label=\"Otw\u00f3rz obrazek w lightboxie\" class=\"tile-inner modula-item-link\"><\/a><img loading=\"lazy\" decoding=\"async\" class=\"pic wp-image-9153\"  data-valign=\"middle\" data-halign=\"center\" alt=\"\" data-full=\"http:\/\/przedszkola-lwowekslaski.pl\/nowa\/wp-content\/uploads\/2024\/01\/WhatsApp-Image-2024-01-25-at-23.04.58.jpeg\" title=\"WhatsApp Image 2024-01-25 at 23.04.58\" crop=\"\" width=\"1080\" height=\"810\" src=\"http:\/\/przedszkola-lwowekslaski.pl\/nowa\/wp-content\/uploads\/2024\/01\/WhatsApp-Image-2024-01-25-at-23.04.58.jpeg\" data-src=\"http:\/\/przedszkola-lwowekslaski.pl\/nowa\/wp-content\/uploads\/2024\/01\/WhatsApp-Image-2024-01-25-at-23.04.58.jpeg\" data-caption=\"\" srcset=\"http:\/\/przedszkola-lwowekslaski.pl\/nowa\/wp-content\/uploads\/2024\/01\/WhatsApp-Image-2024-01-25-at-23.04.58.jpeg 1080w, http:\/\/przedszkola-lwowekslaski.pl\/nowa\/wp-content\/uploads\/2024\/01\/WhatsApp-Image-2024-01-25-at-23.04.58-300x225.jpeg 300w, http:\/\/przedszkola-lwowekslaski.pl\/nowa\/wp-content\/uploads\/2024\/01\/WhatsApp-Image-2024-01-25-at-23.04.58-1024x768.jpeg 1024w, http:\/\/przedszkola-lwowekslaski.pl\/nowa\/wp-content\/uploads\/2024\/01\/WhatsApp-Image-2024-01-25-at-23.04.58-768x576.jpeg 768w, http:\/\/przedszkola-lwowekslaski.pl\/nowa\/wp-content\/uploads\/2024\/01\/WhatsApp-Image-2024-01-25-at-23.04.58-467x350.jpeg 467w\" sizes=\"auto, (max-width: 1080px) 100vw, 1080px\" \/>\n\t\t<div class=\"figc no-description\">\n\t\t\t<div class=\"figc-inner\">\n\t\t\t\t\t\t\t\t\t\t\t\t\t\t\t<\/div>\n\t\t<\/div>\n\n\t<\/div>\n\n<\/div><div class=\"modula-item effect-pufrobo\" >\n\t<div class=\"modula-item-overlay\"><\/div>\n\n\t<div class=\"modula-item-content\">\n\n\t\t<a data-image-id=\"9154\" role=\"button\" data-elementor-open-lightbox=\"no\" tabindex=\"0\" rel=\"jtg-9152\" data-caption=\"\" aria-label=\"Otw\u00f3rz obrazek w lightboxie\" class=\"tile-inner modula-item-link\"><\/a><img loading=\"lazy\" decoding=\"async\" class=\"pic wp-image-9154\"  data-valign=\"middle\" data-halign=\"center\" alt=\"\" data-full=\"http:\/\/przedszkola-lwowekslaski.pl\/nowa\/wp-content\/uploads\/2024\/01\/WhatsApp-Image-2024-01-25-at-23.05.18.jpeg\" title=\"WhatsApp Image 2024-01-25 at 23.05.18\" crop=\"\" width=\"1080\" height=\"810\" src=\"http:\/\/przedszkola-lwowekslaski.pl\/nowa\/wp-content\/uploads\/2024\/01\/WhatsApp-Image-2024-01-25-at-23.05.18.jpeg\" data-src=\"http:\/\/przedszkola-lwowekslaski.pl\/nowa\/wp-content\/uploads\/2024\/01\/WhatsApp-Image-2024-01-25-at-23.05.18.jpeg\" data-caption=\"\" srcset=\"http:\/\/przedszkola-lwowekslaski.pl\/nowa\/wp-content\/uploads\/2024\/01\/WhatsApp-Image-2024-01-25-at-23.05.18.jpeg 1080w, http:\/\/przedszkola-lwowekslaski.pl\/nowa\/wp-content\/uploads\/2024\/01\/WhatsApp-Image-2024-01-25-at-23.05.18-300x225.jpeg 300w, http:\/\/przedszkola-lwowekslaski.pl\/nowa\/wp-content\/uploads\/2024\/01\/WhatsApp-Image-2024-01-25-at-23.05.18-1024x768.jpeg 1024w, http:\/\/przedszkola-lwowekslaski.pl\/nowa\/wp-content\/uploads\/2024\/01\/WhatsApp-Image-2024-01-25-at-23.05.18-768x576.jpeg 768w, http:\/\/przedszkola-lwowekslaski.pl\/nowa\/wp-content\/uploads\/2024\/01\/WhatsApp-Image-2024-01-25-at-23.05.18-467x350.jpeg 467w\" sizes=\"auto, (max-width: 1080px) 100vw, 1080px\" \/>\n\t\t<div class=\"figc no-description\">\n\t\t\t<div class=\"figc-inner\">\n\t\t\t\t\t\t\t\t\t\t\t\t\t\t\t<\/div>\n\t\t<\/div>\n\n\t<\/div>\n\n<\/div><div class=\"modula-item effect-pufrobo\" >\n\t<div class=\"modula-item-overlay\"><\/div>\n\n\t<div class=\"modula-item-content\">\n\n\t\t<a data-image-id=\"9155\" role=\"button\" data-elementor-open-lightbox=\"no\" tabindex=\"0\" rel=\"jtg-9152\" data-caption=\"\" aria-label=\"Otw\u00f3rz obrazek w lightboxie\" class=\"tile-inner modula-item-link\"><\/a><img loading=\"lazy\" decoding=\"async\" class=\"pic wp-image-9155\"  data-valign=\"middle\" data-halign=\"center\" alt=\"\" data-full=\"http:\/\/przedszkola-lwowekslaski.pl\/nowa\/wp-content\/uploads\/2024\/01\/WhatsApp-Image-2024-01-25-at-23.05.32.jpeg\" title=\"WhatsApp Image 2024-01-25 at 23.05.32\" crop=\"\" width=\"1080\" height=\"1440\" src=\"http:\/\/przedszkola-lwowekslaski.pl\/nowa\/wp-content\/uploads\/2024\/01\/WhatsApp-Image-2024-01-25-at-23.05.32.jpeg\" data-src=\"http:\/\/przedszkola-lwowekslaski.pl\/nowa\/wp-content\/uploads\/2024\/01\/WhatsApp-Image-2024-01-25-at-23.05.32.jpeg\" data-caption=\"\" srcset=\"http:\/\/przedszkola-lwowekslaski.pl\/nowa\/wp-content\/uploads\/2024\/01\/WhatsApp-Image-2024-01-25-at-23.05.32.jpeg 1080w, http:\/\/przedszkola-lwowekslaski.pl\/nowa\/wp-content\/uploads\/2024\/01\/WhatsApp-Image-2024-01-25-at-23.05.32-225x300.jpeg 225w, http:\/\/przedszkola-lwowekslaski.pl\/nowa\/wp-content\/uploads\/2024\/01\/WhatsApp-Image-2024-01-25-at-23.05.32-768x1024.jpeg 768w, http:\/\/przedszkola-lwowekslaski.pl\/nowa\/wp-content\/uploads\/2024\/01\/WhatsApp-Image-2024-01-25-at-23.05.32-263x350.jpeg 263w\" sizes=\"auto, (max-width: 1080px) 100vw, 1080px\" \/>\n\t\t<div class=\"figc no-description\">\n\t\t\t<div class=\"figc-inner\">\n\t\t\t\t\t\t\t\t\t\t\t\t\t\t\t<\/div>\n\t\t<\/div>\n\n\t<\/div>\n\n<\/div><div class=\"modula-item effect-pufrobo\" >\n\t<div class=\"modula-item-overlay\"><\/div>\n\n\t<div class=\"modula-item-content\">\n\n\t\t<a data-image-id=\"9156\" role=\"button\" data-elementor-open-lightbox=\"no\" tabindex=\"0\" rel=\"jtg-9152\" data-caption=\"\" aria-label=\"Otw\u00f3rz obrazek w lightboxie\" class=\"tile-inner modula-item-link\"><\/a><img loading=\"lazy\" decoding=\"async\" class=\"pic wp-image-9156\"  data-valign=\"middle\" data-halign=\"center\" alt=\"\" data-full=\"http:\/\/przedszkola-lwowekslaski.pl\/nowa\/wp-content\/uploads\/2024\/01\/WhatsApp-Image-2024-01-25-at-23.06.37.jpeg\" title=\"WhatsApp Image 2024-01-25 at 23.06.37\" crop=\"\" width=\"1080\" height=\"1440\" src=\"http:\/\/przedszkola-lwowekslaski.pl\/nowa\/wp-content\/uploads\/2024\/01\/WhatsApp-Image-2024-01-25-at-23.06.37.jpeg\" data-src=\"http:\/\/przedszkola-lwowekslaski.pl\/nowa\/wp-content\/uploads\/2024\/01\/WhatsApp-Image-2024-01-25-at-23.06.37.jpeg\" data-caption=\"\" srcset=\"http:\/\/przedszkola-lwowekslaski.pl\/nowa\/wp-content\/uploads\/2024\/01\/WhatsApp-Image-2024-01-25-at-23.06.37.jpeg 1080w, http:\/\/przedszkola-lwowekslaski.pl\/nowa\/wp-content\/uploads\/2024\/01\/WhatsApp-Image-2024-01-25-at-23.06.37-225x300.jpeg 225w, http:\/\/przedszkola-lwowekslaski.pl\/nowa\/wp-content\/uploads\/2024\/01\/WhatsApp-Image-2024-01-25-at-23.06.37-768x1024.jpeg 768w, http:\/\/przedszkola-lwowekslaski.pl\/nowa\/wp-content\/uploads\/2024\/01\/WhatsApp-Image-2024-01-25-at-23.06.37-263x350.jpeg 263w\" sizes=\"auto, (max-width: 1080px) 100vw, 1080px\" \/>\n\t\t<div class=\"figc no-description\">\n\t\t\t<div class=\"figc-inner\">\n\t\t\t\t\t\t\t\t\t\t\t\t\t\t\t<\/div>\n\t\t<\/div>\n\n\t<\/div>\n\n<\/div><div class=\"modula-item effect-pufrobo\" >\n\t<div class=\"modula-item-overlay\"><\/div>\n\n\t<div class=\"modula-item-content\">\n\n\t\t<a data-image-id=\"9157\" role=\"button\" data-elementor-open-lightbox=\"no\" tabindex=\"0\" rel=\"jtg-9152\" data-caption=\"\" aria-label=\"Otw\u00f3rz obrazek w lightboxie\" class=\"tile-inner modula-item-link\"><\/a><img loading=\"lazy\" decoding=\"async\" class=\"pic wp-image-9157\"  data-valign=\"middle\" data-halign=\"center\" alt=\"\" data-full=\"http:\/\/przedszkola-lwowekslaski.pl\/nowa\/wp-content\/uploads\/2024\/01\/WhatsApp-Image-2024-01-25-at-23.07.16.jpeg\" title=\"WhatsApp Image 2024-01-25 at 23.07.16\" crop=\"\" width=\"1080\" height=\"1440\" src=\"http:\/\/przedszkola-lwowekslaski.pl\/nowa\/wp-content\/uploads\/2024\/01\/WhatsApp-Image-2024-01-25-at-23.07.16.jpeg\" data-src=\"http:\/\/przedszkola-lwowekslaski.pl\/nowa\/wp-content\/uploads\/2024\/01\/WhatsApp-Image-2024-01-25-at-23.07.16.jpeg\" data-caption=\"\" srcset=\"http:\/\/przedszkola-lwowekslaski.pl\/nowa\/wp-content\/uploads\/2024\/01\/WhatsApp-Image-2024-01-25-at-23.07.16.jpeg 1080w, http:\/\/przedszkola-lwowekslaski.pl\/nowa\/wp-content\/uploads\/2024\/01\/WhatsApp-Image-2024-01-25-at-23.07.16-225x300.jpeg 225w, http:\/\/przedszkola-lwowekslaski.pl\/nowa\/wp-content\/uploads\/2024\/01\/WhatsApp-Image-2024-01-25-at-23.07.16-768x1024.jpeg 768w, http:\/\/przedszkola-lwowekslaski.pl\/nowa\/wp-content\/uploads\/2024\/01\/WhatsApp-Image-2024-01-25-at-23.07.16-263x350.jpeg 263w\" sizes=\"auto, (max-width: 1080px) 100vw, 1080px\" \/>\n\t\t<div class=\"figc no-description\">\n\t\t\t<div class=\"figc-inner\">\n\t\t\t\t\t\t\t\t\t\t\t\t\t\t\t<\/div>\n\t\t<\/div>\n\n\t<\/div>\n\n<\/div><div class=\"modula-item effect-pufrobo\" >\n\t<div class=\"modula-item-overlay\"><\/div>\n\n\t<div class=\"modula-item-content\">\n\n\t\t<a data-image-id=\"9158\" role=\"button\" data-elementor-open-lightbox=\"no\" tabindex=\"0\" rel=\"jtg-9152\" data-caption=\"\" aria-label=\"Otw\u00f3rz obrazek w lightboxie\" class=\"tile-inner modula-item-link\"><\/a><img loading=\"lazy\" decoding=\"async\" class=\"pic wp-image-9158\"  data-valign=\"middle\" data-halign=\"center\" alt=\"\" data-full=\"http:\/\/przedszkola-lwowekslaski.pl\/nowa\/wp-content\/uploads\/2024\/01\/WhatsApp-Image-2024-01-25-at-23.07.55.jpeg\" title=\"WhatsApp Image 2024-01-25 at 23.07.55\" crop=\"\" width=\"1080\" height=\"1440\" src=\"http:\/\/przedszkola-lwowekslaski.pl\/nowa\/wp-content\/uploads\/2024\/01\/WhatsApp-Image-2024-01-25-at-23.07.55.jpeg\" data-src=\"http:\/\/przedszkola-lwowekslaski.pl\/nowa\/wp-content\/uploads\/2024\/01\/WhatsApp-Image-2024-01-25-at-23.07.55.jpeg\" data-caption=\"\" srcset=\"http:\/\/przedszkola-lwowekslaski.pl\/nowa\/wp-content\/uploads\/2024\/01\/WhatsApp-Image-2024-01-25-at-23.07.55.jpeg 1080w, http:\/\/przedszkola-lwowekslaski.pl\/nowa\/wp-content\/uploads\/2024\/01\/WhatsApp-Image-2024-01-25-at-23.07.55-225x300.jpeg 225w, http:\/\/przedszkola-lwowekslaski.pl\/nowa\/wp-content\/uploads\/2024\/01\/WhatsApp-Image-2024-01-25-at-23.07.55-768x1024.jpeg 768w, http:\/\/przedszkola-lwowekslaski.pl\/nowa\/wp-content\/uploads\/2024\/01\/WhatsApp-Image-2024-01-25-at-23.07.55-263x350.jpeg 263w\" sizes=\"auto, (max-width: 1080px) 100vw, 1080px\" \/>\n\t\t<div class=\"figc no-description\">\n\t\t\t<div class=\"figc-inner\">\n\t\t\t\t\t\t\t\t\t\t\t\t\t\t\t<\/div>\n\t\t<\/div>\n\n\t<\/div>\n\n<\/div><div class=\"modula-item effect-pufrobo\" >\n\t<div class=\"modula-item-overlay\"><\/div>\n\n\t<div class=\"modula-item-content\">\n\n\t\t<a data-image-id=\"9159\" role=\"button\" data-elementor-open-lightbox=\"no\" tabindex=\"0\" rel=\"jtg-9152\" data-caption=\"\" aria-label=\"Otw\u00f3rz obrazek w lightboxie\" class=\"tile-inner modula-item-link\"><\/a><img loading=\"lazy\" decoding=\"async\" class=\"pic wp-image-9159\"  data-valign=\"middle\" data-halign=\"center\" alt=\"\" data-full=\"http:\/\/przedszkola-lwowekslaski.pl\/nowa\/wp-content\/uploads\/2024\/01\/WhatsApp-Image-2024-01-25-at-23.08.25.jpeg\" title=\"WhatsApp Image 2024-01-25 at 23.08.25\" crop=\"\" width=\"1080\" height=\"1440\" src=\"http:\/\/przedszkola-lwowekslaski.pl\/nowa\/wp-content\/uploads\/2024\/01\/WhatsApp-Image-2024-01-25-at-23.08.25.jpeg\" data-src=\"http:\/\/przedszkola-lwowekslaski.pl\/nowa\/wp-content\/uploads\/2024\/01\/WhatsApp-Image-2024-01-25-at-23.08.25.jpeg\" data-caption=\"\" srcset=\"http:\/\/przedszkola-lwowekslaski.pl\/nowa\/wp-content\/uploads\/2024\/01\/WhatsApp-Image-2024-01-25-at-23.08.25.jpeg 1080w, http:\/\/przedszkola-lwowekslaski.pl\/nowa\/wp-content\/uploads\/2024\/01\/WhatsApp-Image-2024-01-25-at-23.08.25-225x300.jpeg 225w, http:\/\/przedszkola-lwowekslaski.pl\/nowa\/wp-content\/uploads\/2024\/01\/WhatsApp-Image-2024-01-25-at-23.08.25-768x1024.jpeg 768w, http:\/\/przedszkola-lwowekslaski.pl\/nowa\/wp-content\/uploads\/2024\/01\/WhatsApp-Image-2024-01-25-at-23.08.25-263x350.jpeg 263w\" sizes=\"auto, (max-width: 1080px) 100vw, 1080px\" \/>\n\t\t<div class=\"figc no-description\">\n\t\t\t<div class=\"figc-inner\">\n\t\t\t\t\t\t\t\t\t\t\t\t\t\t\t<\/div>\n\t\t<\/div>\n\n\t<\/div>\n\n<\/div>\t\t\n\t<\/div>\n\n\t\n\t\n\t<script type=\"application\/ld+json\">\n\t{\n\t\t\"@context\": \"http:\/\/schema.org\",\n\t\t\"@type\"   : \"ImageGallery\",\n\t\t\"id\"      : \"http:\/\/przedszkola-lwowekslaski.pl\/nowa\/wizyta-kolejarzy-w-przedszkolu-27-11-2023r\/\",\n\t\t\"url\"     : \"http:\/\/przedszkola-lwowekslaski.pl\/nowa\/wizyta-kolejarzy-w-przedszkolu-27-11-2023r\/\"\n\t}\n\n\t<\/script>\n\n\t\n<\/div>\n\n","protected":false},"excerpt":{"rendered":"<p>Dzieci spotka\u0142y si\u0119 z kolejarzami z PKP Polskich &hellip;<\/p>\n","protected":false},"author":1,"featured_media":0,"parent":0,"menu_order":0,"comment_status":"closed","ping_status":"closed","template":"","meta":{"footnotes":""},"class_list":["post-9150","page","type-page","status-publish","hentry"],"_links":{"self":[{"href":"http:\/\/przedszkola-lwowekslaski.pl\/nowa\/wp-json\/wp\/v2\/pages\/9150","targetHints":{"allow":["GET"]}}],"collection":[{"href":"http:\/\/przedszkola-lwowekslaski.pl\/nowa\/wp-json\/wp\/v2\/pages"}],"about":[{"href":"http:\/\/przedszkola-lwowekslaski.pl\/nowa\/wp-json\/wp\/v2\/types\/page"}],"author":[{"embeddable":true,"href":"http:\/\/przedszkola-lwowekslaski.pl\/nowa\/wp-json\/wp\/v2\/users\/1"}],"replies":[{"embeddable":true,"href":"http:\/\/przedszkola-lwowekslaski.pl\/nowa\/wp-json\/wp\/v2\/comments?post=9150"}],"version-history":[{"count":2,"href":"http:\/\/przedszkola-lwowekslaski.pl\/nowa\/wp-json\/wp\/v2\/pages\/9150\/revisions"}],"predecessor-version":[{"id":9161,"href":"http:\/\/przedszkola-lwowekslaski.pl\/nowa\/wp-json\/wp\/v2\/pages\/9150\/revisions\/9161"}],"wp:attachment":[{"href":"http:\/\/przedszkola-lwowekslaski.pl\/nowa\/wp-json\/wp\/v2\/media?parent=9150"}],"curies":[{"name":"wp","href":"https:\/\/api.w.org\/{rel}","templated":true}]}}