{"id":7595,"date":"2023-11-20T07:45:26","date_gmt":"2023-11-20T06:45:26","guid":{"rendered":"http:\/\/przedszkola-lwowekslaski.pl\/nowa\/?page_id=7595"},"modified":"2023-11-20T07:48:12","modified_gmt":"2023-11-20T06:48:12","slug":"dzien-postaci-z-bajek-6","status":"publish","type":"page","link":"http:\/\/przedszkola-lwowekslaski.pl\/nowa\/dzien-postaci-z-bajek-6\/","title":{"rendered":"Dzie\u0144 Postaci z bajek"},"content":{"rendered":"\n<p>06 listopada dzieci obchodzi\u0142y \u201eDzie\u0144 Postaci z Bajek\u201d, wzi\u0119\u0142y udzia\u0142 w grach i zabawach bajkowych.<\/p>\n\n\n<div class=\"wp-block-image\">\n<figure class=\"aligncenter size-full\"><img loading=\"lazy\" decoding=\"async\" width=\"519\" height=\"519\" src=\"http:\/\/przedszkola-lwowekslaski.pl\/nowa\/wp-content\/uploads\/2023\/11\/Obraz1.jpg\" alt=\"\" class=\"wp-image-7604\" srcset=\"http:\/\/przedszkola-lwowekslaski.pl\/nowa\/wp-content\/uploads\/2023\/11\/Obraz1.jpg 519w, http:\/\/przedszkola-lwowekslaski.pl\/nowa\/wp-content\/uploads\/2023\/11\/Obraz1-300x300.jpg 300w, http:\/\/przedszkola-lwowekslaski.pl\/nowa\/wp-content\/uploads\/2023\/11\/Obraz1-150x150.jpg 150w, http:\/\/przedszkola-lwowekslaski.pl\/nowa\/wp-content\/uploads\/2023\/11\/Obraz1-350x350.jpg 350w\" sizes=\"auto, (max-width: 519px) 100vw, 519px\" \/><\/figure><\/div>\n\n<div>You need to add a widget, row, or prebuilt layout before you&#8217;ll see anything here. \ud83d\ude42<\/div>\n\n<div  id=\"jtg-7597\" class=\"modula modula-gallery modula-creative-gallery\" data-config=\"{&quot;height&quot;:800,&quot;tabletHeight&quot;:800,&quot;mobileHeight&quot;:800,&quot;desktopHeight&quot;:800,&quot;enableTwitter&quot;:false,&quot;enableWhatsapp&quot;:false,&quot;enableFacebook&quot;:false,&quot;enablePinterest&quot;:false,&quot;enableLinkedin&quot;:false,&quot;enableEmail&quot;:false,&quot;randomFactor&quot;:0.05,&quot;type&quot;:&quot;creative-gallery&quot;,&quot;columns&quot;:12,&quot;gutter&quot;:10,&quot;mobileGutter&quot;:10,&quot;tabletGutter&quot;:10,&quot;desktopGutter&quot;:10,&quot;enableResponsive&quot;:&quot;0&quot;,&quot;tabletColumns&quot;:&quot;2&quot;,&quot;mobileColumns&quot;:&quot;1&quot;,&quot;lazyLoad&quot;:0,&quot;lightboxOpts&quot;:{&quot;animated&quot;:true,&quot;Thumbs&quot;:{&quot;type&quot;:&quot;modern&quot;,&quot;showOnStart&quot;:false},&quot;Toolbar&quot;:{&quot;display&quot;:{&quot;right&quot;:[&quot;close&quot;]},&quot;enabled&quot;:true},&quot;Carousel&quot;:{&quot;Panzoom&quot;:{&quot;touch&quot;:true},&quot;infinite&quot;:false},&quot;keyboard&quot;:{&quot;Escape&quot;:&quot;close&quot;,&quot;Delete&quot;:&quot;close&quot;,&quot;Backspace&quot;:&quot;close&quot;,&quot;PageUp&quot;:false,&quot;PageDown&quot;:false,&quot;ArrowUp&quot;:false,&quot;ArrowDown&quot;:false,&quot;ArrowRight&quot;:false,&quot;ArrowLeft&quot;:false},&quot;touch&quot;:false,&quot;backdropClick&quot;:false,&quot;l10n&quot;:{&quot;CLOSE&quot;:&quot;Zamknij&quot;,&quot;NEXT&quot;:&quot;Nast\\u0119pny&quot;,&quot;PREV&quot;:&quot;Poprzedni&quot;,&quot;Error&quot;:&quot;Nie mo\\u017cna wczyta\\u0107 \\u017c\\u0105danej tre\\u015bci. Spr\\u00f3buj ponownie p\\u00f3\\u017aniej.&quot;,&quot;PLAY_START&quot;:&quot;Rozpocznij pokaz slajd\\u00f3w&quot;,&quot;PLAY_STOP&quot;:&quot;Zatrzymaj pokaz slajd\\u00f3w&quot;,&quot;FULL_SCREEN&quot;:&quot;Pe\\u0142ny ekran&quot;,&quot;THUMBS&quot;:&quot;Miniaturki&quot;,&quot;DOWNLOAD&quot;:&quot;Pobieranie&quot;,&quot;SHARE&quot;:&quot;Udost\\u0119pnij&quot;,&quot;ZOOM&quot;:&quot;Powi\\u0119kszenie&quot;,&quot;EMAIL&quot;:&quot;Here is the link to the image : %%image_link%% and this is the link to the gallery : %%gallery_link%%&quot;,&quot;MODAL&quot;:&quot;Mo\\u017cesz zamkn\\u0105\\u0107 t\\u0119 zawarto\\u015b\\u0107 okna modalnego za pomoc\\u0105 klawisza ESC&quot;,&quot;ERROR&quot;:&quot;Co\\u015b posz\\u0142o nie tak. Spr\\u00f3buj ponownie p\\u00f3\\u017aniej&quot;,&quot;IMAGE_ERROR&quot;:&quot;Nie znaleziono obrazka&quot;,&quot;ELEMENT_NOT_FOUND&quot;:&quot;Nie znaleziono elementu HTML&quot;,&quot;AJAX_NOT_FOUND&quot;:&quot;B\\u0142\\u0105d wczytywania AJAX: Nie znaleziono&quot;,&quot;AJAX_FORBIDDEN&quot;:&quot;B\\u0142\\u0105d wczytywania AJAX: Zabronione&quot;,&quot;IFRAME_ERROR&quot;:&quot;B\\u0142\\u0105d wczytywania strony&quot;,&quot;TOGGLE_ZOOM&quot;:&quot;Prze\\u0142\\u0105cz poziom powi\\u0119kszenia&quot;,&quot;TOGGLE_THUMBS&quot;:&quot;Prze\\u0142\\u0105cz miniaturki&quot;,&quot;TOGGLE_SLIDESHOW&quot;:&quot;Prze\\u0142\\u0105cz pokaz slajd\\u00f3w&quot;,&quot;TOGGLE_FULLSCREEN&quot;:&quot;Prze\\u0142\\u0105cz tryb pe\\u0142noekranowy&quot;},&quot;Images&quot;:{&quot;Panzoom&quot;:{&quot;maxScale&quot;:2}},&quot;mainClass&quot;:&quot;modula-fancybox-container modula-lightbox-jtg-7597&quot;,&quot;Html&quot;:{&quot;videoAutoplay&quot;:0,&quot;videoTpl&quot;:&quot;&lt;video class=\\&quot;fancybox__html5video\\&quot; controls muted playsinline controlsList controlsList=\\&quot;nodownload\\&quot; poster=\\&quot;{{poster}}\\&quot; src=\\&quot;{{src}}\\&quot; type=\\&quot;{{format}}\\&quot; &gt;  Sorry, your browser doesn&#039;t support embedded videos, &lt;a href=\\&quot;{{src}}\\&quot;&gt; download &lt;\\\/a&gt; and watch with your favorite video player! &lt;\\\/video&gt;&quot;}},&quot;inView&quot;:false,&quot;email_subject&quot;:&quot;Sprawd\\u017a ten niesamowity obrazek!&quot;,&quot;email_message&quot;:&quot;Oto odno\\u015bnik do obrazku: %%image_link%%, a to odno\\u015bnik do galerii: %%gallery_link%%&quot;,&quot;lightbox&quot;:&quot;fancybox&quot;}\">\n\n\t\n\t<div  class=\"modula-items\">\n\t\t<div class=\"modula-item effect-pufrobo\" >\n\t<div class=\"modula-item-overlay\"><\/div>\n\n\t<div class=\"modula-item-content\">\n\n\t\t<a data-image-id=\"7598\" role=\"button\" data-elementor-open-lightbox=\"no\" tabindex=\"0\" rel=\"jtg-7597\" data-caption=\"\" aria-label=\"Otw\u00f3rz obrazek w lightboxie\" class=\"tile-inner modula-item-link\"><\/a><img loading=\"lazy\" decoding=\"async\" class=\"pic wp-image-7598\"  data-valign=\"middle\" data-halign=\"center\" alt=\"\" data-full=\"http:\/\/przedszkola-lwowekslaski.pl\/nowa\/wp-content\/uploads\/2023\/11\/IMG-20231117-WA0009.jpg\" title=\"IMG-20231117-WA0009\" crop=\"\" width=\"1530\" height=\"2040\" src=\"http:\/\/przedszkola-lwowekslaski.pl\/nowa\/wp-content\/uploads\/2023\/11\/IMG-20231117-WA0009.jpg\" data-src=\"http:\/\/przedszkola-lwowekslaski.pl\/nowa\/wp-content\/uploads\/2023\/11\/IMG-20231117-WA0009.jpg\" data-caption=\"\" srcset=\"http:\/\/przedszkola-lwowekslaski.pl\/nowa\/wp-content\/uploads\/2023\/11\/IMG-20231117-WA0009.jpg 1530w, http:\/\/przedszkola-lwowekslaski.pl\/nowa\/wp-content\/uploads\/2023\/11\/IMG-20231117-WA0009-225x300.jpg 225w, http:\/\/przedszkola-lwowekslaski.pl\/nowa\/wp-content\/uploads\/2023\/11\/IMG-20231117-WA0009-768x1024.jpg 768w, http:\/\/przedszkola-lwowekslaski.pl\/nowa\/wp-content\/uploads\/2023\/11\/IMG-20231117-WA0009-1152x1536.jpg 1152w, http:\/\/przedszkola-lwowekslaski.pl\/nowa\/wp-content\/uploads\/2023\/11\/IMG-20231117-WA0009-263x350.jpg 263w\" sizes=\"auto, (max-width: 1530px) 100vw, 1530px\" \/>\n\t\t<div class=\"figc no-description\">\n\t\t\t<div class=\"figc-inner\">\n\t\t\t\t\t\t\t\t\t\t\t\t\t\t\t<\/div>\n\t\t<\/div>\n\n\t<\/div>\n\n<\/div><div class=\"modula-item effect-pufrobo\" >\n\t<div class=\"modula-item-overlay\"><\/div>\n\n\t<div class=\"modula-item-content\">\n\n\t\t<a data-image-id=\"7599\" role=\"button\" data-elementor-open-lightbox=\"no\" tabindex=\"0\" rel=\"jtg-7597\" data-caption=\"\" aria-label=\"Otw\u00f3rz obrazek w lightboxie\" class=\"tile-inner modula-item-link\"><\/a><img loading=\"lazy\" decoding=\"async\" class=\"pic wp-image-7599\"  data-valign=\"middle\" data-halign=\"center\" alt=\"\" data-full=\"http:\/\/przedszkola-lwowekslaski.pl\/nowa\/wp-content\/uploads\/2023\/11\/IMG-20231117-WA0032.jpg\" title=\"IMG-20231117-WA0032\" crop=\"\" width=\"1530\" height=\"2040\" src=\"http:\/\/przedszkola-lwowekslaski.pl\/nowa\/wp-content\/uploads\/2023\/11\/IMG-20231117-WA0032.jpg\" data-src=\"http:\/\/przedszkola-lwowekslaski.pl\/nowa\/wp-content\/uploads\/2023\/11\/IMG-20231117-WA0032.jpg\" data-caption=\"\" srcset=\"http:\/\/przedszkola-lwowekslaski.pl\/nowa\/wp-content\/uploads\/2023\/11\/IMG-20231117-WA0032.jpg 1530w, http:\/\/przedszkola-lwowekslaski.pl\/nowa\/wp-content\/uploads\/2023\/11\/IMG-20231117-WA0032-225x300.jpg 225w, http:\/\/przedszkola-lwowekslaski.pl\/nowa\/wp-content\/uploads\/2023\/11\/IMG-20231117-WA0032-768x1024.jpg 768w, http:\/\/przedszkola-lwowekslaski.pl\/nowa\/wp-content\/uploads\/2023\/11\/IMG-20231117-WA0032-1152x1536.jpg 1152w, http:\/\/przedszkola-lwowekslaski.pl\/nowa\/wp-content\/uploads\/2023\/11\/IMG-20231117-WA0032-263x350.jpg 263w\" sizes=\"auto, (max-width: 1530px) 100vw, 1530px\" \/>\n\t\t<div class=\"figc no-description\">\n\t\t\t<div class=\"figc-inner\">\n\t\t\t\t\t\t\t\t\t\t\t\t\t\t\t<\/div>\n\t\t<\/div>\n\n\t<\/div>\n\n<\/div><div class=\"modula-item effect-pufrobo\" >\n\t<div class=\"modula-item-overlay\"><\/div>\n\n\t<div class=\"modula-item-content\">\n\n\t\t<a data-image-id=\"7600\" role=\"button\" data-elementor-open-lightbox=\"no\" tabindex=\"0\" rel=\"jtg-7597\" data-caption=\"\" aria-label=\"Otw\u00f3rz obrazek w lightboxie\" class=\"tile-inner modula-item-link\"><\/a><img loading=\"lazy\" decoding=\"async\" class=\"pic wp-image-7600\"  data-valign=\"middle\" data-halign=\"center\" alt=\"\" data-full=\"http:\/\/przedszkola-lwowekslaski.pl\/nowa\/wp-content\/uploads\/2023\/11\/IMG-20231117-WA0044.jpg\" title=\"IMG-20231117-WA0044\" crop=\"\" width=\"1530\" height=\"2040\" src=\"http:\/\/przedszkola-lwowekslaski.pl\/nowa\/wp-content\/uploads\/2023\/11\/IMG-20231117-WA0044.jpg\" data-src=\"http:\/\/przedszkola-lwowekslaski.pl\/nowa\/wp-content\/uploads\/2023\/11\/IMG-20231117-WA0044.jpg\" data-caption=\"\" srcset=\"http:\/\/przedszkola-lwowekslaski.pl\/nowa\/wp-content\/uploads\/2023\/11\/IMG-20231117-WA0044.jpg 1530w, http:\/\/przedszkola-lwowekslaski.pl\/nowa\/wp-content\/uploads\/2023\/11\/IMG-20231117-WA0044-225x300.jpg 225w, http:\/\/przedszkola-lwowekslaski.pl\/nowa\/wp-content\/uploads\/2023\/11\/IMG-20231117-WA0044-768x1024.jpg 768w, http:\/\/przedszkola-lwowekslaski.pl\/nowa\/wp-content\/uploads\/2023\/11\/IMG-20231117-WA0044-1152x1536.jpg 1152w, http:\/\/przedszkola-lwowekslaski.pl\/nowa\/wp-content\/uploads\/2023\/11\/IMG-20231117-WA0044-263x350.jpg 263w\" sizes=\"auto, (max-width: 1530px) 100vw, 1530px\" \/>\n\t\t<div class=\"figc no-description\">\n\t\t\t<div class=\"figc-inner\">\n\t\t\t\t\t\t\t\t\t\t\t\t\t\t\t<\/div>\n\t\t<\/div>\n\n\t<\/div>\n\n<\/div><div class=\"modula-item effect-pufrobo\" >\n\t<div class=\"modula-item-overlay\"><\/div>\n\n\t<div class=\"modula-item-content\">\n\n\t\t<a data-image-id=\"7601\" role=\"button\" data-elementor-open-lightbox=\"no\" tabindex=\"0\" rel=\"jtg-7597\" data-caption=\"\" aria-label=\"Otw\u00f3rz obrazek w lightboxie\" class=\"tile-inner modula-item-link\"><\/a><img loading=\"lazy\" decoding=\"async\" class=\"pic wp-image-7601\"  data-valign=\"middle\" data-halign=\"center\" alt=\"\" data-full=\"http:\/\/przedszkola-lwowekslaski.pl\/nowa\/wp-content\/uploads\/2023\/11\/IMG-20231117-WA0046.jpg\" title=\"IMG-20231117-WA0046\" crop=\"\" width=\"1530\" height=\"2040\" src=\"http:\/\/przedszkola-lwowekslaski.pl\/nowa\/wp-content\/uploads\/2023\/11\/IMG-20231117-WA0046.jpg\" data-src=\"http:\/\/przedszkola-lwowekslaski.pl\/nowa\/wp-content\/uploads\/2023\/11\/IMG-20231117-WA0046.jpg\" data-caption=\"\" srcset=\"http:\/\/przedszkola-lwowekslaski.pl\/nowa\/wp-content\/uploads\/2023\/11\/IMG-20231117-WA0046.jpg 1530w, http:\/\/przedszkola-lwowekslaski.pl\/nowa\/wp-content\/uploads\/2023\/11\/IMG-20231117-WA0046-225x300.jpg 225w, http:\/\/przedszkola-lwowekslaski.pl\/nowa\/wp-content\/uploads\/2023\/11\/IMG-20231117-WA0046-768x1024.jpg 768w, http:\/\/przedszkola-lwowekslaski.pl\/nowa\/wp-content\/uploads\/2023\/11\/IMG-20231117-WA0046-1152x1536.jpg 1152w, http:\/\/przedszkola-lwowekslaski.pl\/nowa\/wp-content\/uploads\/2023\/11\/IMG-20231117-WA0046-263x350.jpg 263w\" sizes=\"auto, (max-width: 1530px) 100vw, 1530px\" \/>\n\t\t<div class=\"figc no-description\">\n\t\t\t<div class=\"figc-inner\">\n\t\t\t\t\t\t\t\t\t\t\t\t\t\t\t<\/div>\n\t\t<\/div>\n\n\t<\/div>\n\n<\/div><div class=\"modula-item effect-pufrobo\" >\n\t<div class=\"modula-item-overlay\"><\/div>\n\n\t<div class=\"modula-item-content\">\n\n\t\t<a data-image-id=\"7602\" role=\"button\" data-elementor-open-lightbox=\"no\" tabindex=\"0\" rel=\"jtg-7597\" data-caption=\"\" aria-label=\"Otw\u00f3rz obrazek w lightboxie\" class=\"tile-inner modula-item-link\"><\/a><img loading=\"lazy\" decoding=\"async\" class=\"pic wp-image-7602\"  data-valign=\"middle\" data-halign=\"center\" alt=\"\" data-full=\"http:\/\/przedszkola-lwowekslaski.pl\/nowa\/wp-content\/uploads\/2023\/11\/IMG-20231117-WA0061.jpg\" title=\"IMG-20231117-WA0061\" crop=\"\" width=\"1530\" height=\"2040\" src=\"http:\/\/przedszkola-lwowekslaski.pl\/nowa\/wp-content\/uploads\/2023\/11\/IMG-20231117-WA0061.jpg\" data-src=\"http:\/\/przedszkola-lwowekslaski.pl\/nowa\/wp-content\/uploads\/2023\/11\/IMG-20231117-WA0061.jpg\" data-caption=\"\" srcset=\"http:\/\/przedszkola-lwowekslaski.pl\/nowa\/wp-content\/uploads\/2023\/11\/IMG-20231117-WA0061.jpg 1530w, http:\/\/przedszkola-lwowekslaski.pl\/nowa\/wp-content\/uploads\/2023\/11\/IMG-20231117-WA0061-225x300.jpg 225w, http:\/\/przedszkola-lwowekslaski.pl\/nowa\/wp-content\/uploads\/2023\/11\/IMG-20231117-WA0061-768x1024.jpg 768w, http:\/\/przedszkola-lwowekslaski.pl\/nowa\/wp-content\/uploads\/2023\/11\/IMG-20231117-WA0061-1152x1536.jpg 1152w, http:\/\/przedszkola-lwowekslaski.pl\/nowa\/wp-content\/uploads\/2023\/11\/IMG-20231117-WA0061-263x350.jpg 263w\" sizes=\"auto, (max-width: 1530px) 100vw, 1530px\" \/>\n\t\t<div class=\"figc no-description\">\n\t\t\t<div class=\"figc-inner\">\n\t\t\t\t\t\t\t\t\t\t\t\t\t\t\t<\/div>\n\t\t<\/div>\n\n\t<\/div>\n\n<\/div>\t\t\n\t<\/div>\n\n\t\n\t\n\t<script type=\"application\/ld+json\">\n\t{\n\t\t\"@context\": \"http:\/\/schema.org\",\n\t\t\"@type\"   : \"ImageGallery\",\n\t\t\"id\"      : \"http:\/\/przedszkola-lwowekslaski.pl\/nowa\/dzien-postaci-z-bajek-6\/\",\n\t\t\"url\"     : \"http:\/\/przedszkola-lwowekslaski.pl\/nowa\/dzien-postaci-z-bajek-6\/\"\n\t}\n\n\t<\/script>\n\n\t\n<\/div>\n\n","protected":false},"excerpt":{"rendered":"<p>06 listopada dzieci obchodzi\u0142y \u201eDzie\u0144 Postaci z Bajek\u201d, &hellip;<\/p>\n","protected":false},"author":1,"featured_media":0,"parent":0,"menu_order":0,"comment_status":"closed","ping_status":"closed","template":"","meta":{"footnotes":""},"class_list":["post-7595","page","type-page","status-publish","hentry"],"_links":{"self":[{"href":"http:\/\/przedszkola-lwowekslaski.pl\/nowa\/wp-json\/wp\/v2\/pages\/7595","targetHints":{"allow":["GET"]}}],"collection":[{"href":"http:\/\/przedszkola-lwowekslaski.pl\/nowa\/wp-json\/wp\/v2\/pages"}],"about":[{"href":"http:\/\/przedszkola-lwowekslaski.pl\/nowa\/wp-json\/wp\/v2\/types\/page"}],"author":[{"embeddable":true,"href":"http:\/\/przedszkola-lwowekslaski.pl\/nowa\/wp-json\/wp\/v2\/users\/1"}],"replies":[{"embeddable":true,"href":"http:\/\/przedszkola-lwowekslaski.pl\/nowa\/wp-json\/wp\/v2\/comments?post=7595"}],"version-history":[{"count":3,"href":"http:\/\/przedszkola-lwowekslaski.pl\/nowa\/wp-json\/wp\/v2\/pages\/7595\/revisions"}],"predecessor-version":[{"id":7606,"href":"http:\/\/przedszkola-lwowekslaski.pl\/nowa\/wp-json\/wp\/v2\/pages\/7595\/revisions\/7606"}],"wp:attachment":[{"href":"http:\/\/przedszkola-lwowekslaski.pl\/nowa\/wp-json\/wp\/v2\/media?parent=7595"}],"curies":[{"name":"wp","href":"https:\/\/api.w.org\/{rel}","templated":true}]}}