{"id":446,"date":"2019-10-08T20:41:52","date_gmt":"2019-10-08T18:41:52","guid":{"rendered":"http:\/\/przedszkola-lwowekslaski.pl\/nowa\/?page_id=446"},"modified":"2022-10-13T10:03:56","modified_gmt":"2022-10-13T08:03:56","slug":"archiwum-gr-ii-2018-2019","status":"publish","type":"page","link":"http:\/\/przedszkola-lwowekslaski.pl\/nowa\/archiwum-gr-ii-2018-2019\/","title":{"rendered":"Archiwum Gr. II 2018\/2022"},"content":{"rendered":"<div id=\"pl-gb446-69f0d1571775c\"  class=\"panel-layout\" ><div id=\"pg-gb446-69f0d1571775c-0\"  class=\"panel-grid panel-no-style\" ><div id=\"pgc-gb446-69f0d1571775c-0-0\"  class=\"panel-grid-cell\" ><div id=\"panel-gb446-69f0d1571775c-0-0-0\" class=\"so-panel widget widget_media_image panel-first-child\" data-index=\"0\" ><h3 class=\"widget-title\">VIII Prezentacja Wierszy Polskich Poet\u00f3w<\/h3><a href=\"http:\/\/przedszkola-lwowekslaski.pl\/nowa\/viii-prezentacja-wierszy-polskich-poetow\/\"><img loading=\"lazy\" decoding=\"async\" width=\"300\" height=\"225\" src=\"http:\/\/przedszkola-lwowekslaski.pl\/nowa\/wp-content\/uploads\/2022\/04\/01-300x225.jpeg\" class=\"image wp-image-3335  attachment-medium size-medium\" alt=\"\" style=\"max-width: 100%; height: auto;\" srcset=\"http:\/\/przedszkola-lwowekslaski.pl\/nowa\/wp-content\/uploads\/2022\/04\/01-300x225.jpeg 300w, http:\/\/przedszkola-lwowekslaski.pl\/nowa\/wp-content\/uploads\/2022\/04\/01-1024x768.jpeg 1024w, http:\/\/przedszkola-lwowekslaski.pl\/nowa\/wp-content\/uploads\/2022\/04\/01-768x576.jpeg 768w, http:\/\/przedszkola-lwowekslaski.pl\/nowa\/wp-content\/uploads\/2022\/04\/01-1536x1152.jpeg 1536w, http:\/\/przedszkola-lwowekslaski.pl\/nowa\/wp-content\/uploads\/2022\/04\/01-467x350.jpeg 467w, http:\/\/przedszkola-lwowekslaski.pl\/nowa\/wp-content\/uploads\/2022\/04\/01-466x350.jpeg 466w, http:\/\/przedszkola-lwowekslaski.pl\/nowa\/wp-content\/uploads\/2022\/04\/01.jpeg 2048w\" sizes=\"auto, (max-width: 300px) 100vw, 300px\" \/><\/a><\/div><div id=\"panel-gb446-69f0d1571775c-0-0-1\" class=\"so-panel widget widget_media_image\" data-index=\"1\" ><h3 class=\"widget-title\">21 marca &#8211; Pierwszy Dzie\u0144 Wiosny<\/h3><a href=\"http:\/\/przedszkola-lwowekslaski.pl\/nowa\/21-marca-pierwszy-dzien-wiosny\/\"><img loading=\"lazy\" decoding=\"async\" width=\"225\" height=\"300\" src=\"http:\/\/przedszkola-lwowekslaski.pl\/nowa\/wp-content\/uploads\/2022\/04\/w2-225x300.jpg\" class=\"image wp-image-3313  attachment-medium size-medium\" alt=\"\" style=\"max-width: 100%; height: auto;\" srcset=\"http:\/\/przedszkola-lwowekslaski.pl\/nowa\/wp-content\/uploads\/2022\/04\/w2-225x300.jpg 225w, http:\/\/przedszkola-lwowekslaski.pl\/nowa\/wp-content\/uploads\/2022\/04\/w2-768x1024.jpg 768w, http:\/\/przedszkola-lwowekslaski.pl\/nowa\/wp-content\/uploads\/2022\/04\/w2-1152x1536.jpg 1152w, http:\/\/przedszkola-lwowekslaski.pl\/nowa\/wp-content\/uploads\/2022\/04\/w2-263x350.jpg 263w, http:\/\/przedszkola-lwowekslaski.pl\/nowa\/wp-content\/uploads\/2022\/04\/w2.jpg 1536w\" sizes=\"auto, (max-width: 225px) 100vw, 225px\" \/><\/a><\/div><div id=\"panel-gb446-69f0d1571775c-0-0-2\" class=\"so-panel widget widget_media_image panel-last-child\" data-index=\"2\" ><h3 class=\"widget-title\">Zabawa karnawa\u0142owa<\/h3><a href=\"http:\/\/przedszkola-lwowekslaski.pl\/nowa\/zabawa-karnawalowa-5\/\"><img loading=\"lazy\" decoding=\"async\" width=\"300\" height=\"225\" src=\"http:\/\/przedszkola-lwowekslaski.pl\/nowa\/wp-content\/uploads\/2022\/04\/z3-300x225.jpg\" class=\"image wp-image-3273  attachment-medium size-medium\" alt=\"\" style=\"max-width: 100%; height: auto;\" srcset=\"http:\/\/przedszkola-lwowekslaski.pl\/nowa\/wp-content\/uploads\/2022\/04\/z3-300x225.jpg 300w, http:\/\/przedszkola-lwowekslaski.pl\/nowa\/wp-content\/uploads\/2022\/04\/z3-1024x768.jpg 1024w, http:\/\/przedszkola-lwowekslaski.pl\/nowa\/wp-content\/uploads\/2022\/04\/z3-768x576.jpg 768w, http:\/\/przedszkola-lwowekslaski.pl\/nowa\/wp-content\/uploads\/2022\/04\/z3-1536x1152.jpg 1536w, http:\/\/przedszkola-lwowekslaski.pl\/nowa\/wp-content\/uploads\/2022\/04\/z3-467x350.jpg 467w, http:\/\/przedszkola-lwowekslaski.pl\/nowa\/wp-content\/uploads\/2022\/04\/z3-466x350.jpg 466w, http:\/\/przedszkola-lwowekslaski.pl\/nowa\/wp-content\/uploads\/2022\/04\/z3.jpg 2048w\" sizes=\"auto, (max-width: 300px) 100vw, 300px\" \/><\/a><\/div><\/div><div id=\"pgc-gb446-69f0d1571775c-0-1\"  class=\"panel-grid-cell\" ><div id=\"panel-gb446-69f0d1571775c-0-1-0\" class=\"so-panel widget widget_media_image panel-first-child\" data-index=\"3\" ><h3 class=\"widget-title\">Kosmiczna podr\u00f3\u017c<\/h3><a href=\"http:\/\/przedszkola-lwowekslaski.pl\/nowa\/kosmiczna-podroz\/\"><img loading=\"lazy\" decoding=\"async\" width=\"225\" height=\"300\" src=\"http:\/\/przedszkola-lwowekslaski.pl\/nowa\/wp-content\/uploads\/2022\/04\/p1-225x300.jpg\" class=\"image wp-image-3302  attachment-medium size-medium\" alt=\"\" style=\"max-width: 100%; height: auto;\" srcset=\"http:\/\/przedszkola-lwowekslaski.pl\/nowa\/wp-content\/uploads\/2022\/04\/p1-225x300.jpg 225w, http:\/\/przedszkola-lwowekslaski.pl\/nowa\/wp-content\/uploads\/2022\/04\/p1-768x1024.jpg 768w, http:\/\/przedszkola-lwowekslaski.pl\/nowa\/wp-content\/uploads\/2022\/04\/p1-1152x1536.jpg 1152w, http:\/\/przedszkola-lwowekslaski.pl\/nowa\/wp-content\/uploads\/2022\/04\/p1-263x350.jpg 263w, http:\/\/przedszkola-lwowekslaski.pl\/nowa\/wp-content\/uploads\/2022\/04\/p1.jpg 1536w\" sizes=\"auto, (max-width: 225px) 100vw, 225px\" \/><\/a><\/div><div id=\"panel-gb446-69f0d1571775c-0-1-1\" class=\"so-panel widget widget_media_image\" data-index=\"4\" ><h3 class=\"widget-title\">Walentynki &#8211; dzie\u0144 mi\u0142o\u015bci i przyja\u017ani<\/h3><a href=\"http:\/\/przedszkola-lwowekslaski.pl\/nowa\/walentynki-dzien-milosci-i-przyjazni\/\"><img loading=\"lazy\" decoding=\"async\" width=\"300\" height=\"225\" src=\"http:\/\/przedszkola-lwowekslaski.pl\/nowa\/wp-content\/uploads\/2022\/04\/2-1-300x225.jpg\" class=\"image wp-image-3264  attachment-medium size-medium\" alt=\"\" style=\"max-width: 100%; height: auto;\" srcset=\"http:\/\/przedszkola-lwowekslaski.pl\/nowa\/wp-content\/uploads\/2022\/04\/2-1-300x225.jpg 300w, http:\/\/przedszkola-lwowekslaski.pl\/nowa\/wp-content\/uploads\/2022\/04\/2-1-467x350.jpg 467w, http:\/\/przedszkola-lwowekslaski.pl\/nowa\/wp-content\/uploads\/2022\/04\/2-1-466x350.jpg 466w, http:\/\/przedszkola-lwowekslaski.pl\/nowa\/wp-content\/uploads\/2022\/04\/2-1.jpg 720w\" sizes=\"auto, (max-width: 300px) 100vw, 300px\" \/><\/a><\/div><div id=\"panel-gb446-69f0d1571775c-0-1-2\" class=\"so-panel widget widget_media_image panel-last-child\" data-index=\"5\" ><h3 class=\"widget-title\">Wigilia w przedszkolu<\/h3><a href=\"http:\/\/przedszkola-lwowekslaski.pl\/nowa\/wigilia-w-przedszkolu\/\"><img loading=\"lazy\" decoding=\"async\" width=\"225\" height=\"300\" src=\"http:\/\/przedszkola-lwowekslaski.pl\/nowa\/wp-content\/uploads\/2022\/02\/IMG_20211221_120801-225x300.jpg\" class=\"image wp-image-2633  attachment-medium size-medium\" alt=\"\" style=\"max-width: 100%; height: auto;\" srcset=\"http:\/\/przedszkola-lwowekslaski.pl\/nowa\/wp-content\/uploads\/2022\/02\/IMG_20211221_120801-225x300.jpg 225w, http:\/\/przedszkola-lwowekslaski.pl\/nowa\/wp-content\/uploads\/2022\/02\/IMG_20211221_120801-768x1024.jpg 768w, http:\/\/przedszkola-lwowekslaski.pl\/nowa\/wp-content\/uploads\/2022\/02\/IMG_20211221_120801-1152x1536.jpg 1152w, http:\/\/przedszkola-lwowekslaski.pl\/nowa\/wp-content\/uploads\/2022\/02\/IMG_20211221_120801-1536x2048.jpg 1536w, http:\/\/przedszkola-lwowekslaski.pl\/nowa\/wp-content\/uploads\/2022\/02\/IMG_20211221_120801-263x350.jpg 263w, http:\/\/przedszkola-lwowekslaski.pl\/nowa\/wp-content\/uploads\/2022\/02\/IMG_20211221_120801-scaled.jpg 1920w\" sizes=\"auto, (max-width: 225px) 100vw, 225px\" \/><\/a><\/div><\/div><div id=\"pgc-gb446-69f0d1571775c-0-2\"  class=\"panel-grid-cell\" ><div id=\"panel-gb446-69f0d1571775c-0-2-0\" class=\"so-panel widget widget_media_image panel-first-child\" data-index=\"6\" ><h3 class=\"widget-title\">Dzie\u0144 Kobiet<\/h3><a href=\"http:\/\/przedszkola-lwowekslaski.pl\/nowa\/dzien-kobiet-3\/\"><img loading=\"lazy\" decoding=\"async\" width=\"300\" height=\"225\" src=\"http:\/\/przedszkola-lwowekslaski.pl\/nowa\/wp-content\/uploads\/2022\/04\/k3-300x225.jpg\" class=\"image wp-image-3289  attachment-medium size-medium\" alt=\"\" style=\"max-width: 100%; height: auto;\" srcset=\"http:\/\/przedszkola-lwowekslaski.pl\/nowa\/wp-content\/uploads\/2022\/04\/k3-300x225.jpg 300w, http:\/\/przedszkola-lwowekslaski.pl\/nowa\/wp-content\/uploads\/2022\/04\/k3-1024x768.jpg 1024w, http:\/\/przedszkola-lwowekslaski.pl\/nowa\/wp-content\/uploads\/2022\/04\/k3-768x576.jpg 768w, http:\/\/przedszkola-lwowekslaski.pl\/nowa\/wp-content\/uploads\/2022\/04\/k3-1536x1152.jpg 1536w, http:\/\/przedszkola-lwowekslaski.pl\/nowa\/wp-content\/uploads\/2022\/04\/k3-467x350.jpg 467w, http:\/\/przedszkola-lwowekslaski.pl\/nowa\/wp-content\/uploads\/2022\/04\/k3-466x350.jpg 466w, http:\/\/przedszkola-lwowekslaski.pl\/nowa\/wp-content\/uploads\/2022\/04\/k3.jpg 2048w\" sizes=\"auto, (max-width: 300px) 100vw, 300px\" \/><\/a><\/div><div id=\"panel-gb446-69f0d1571775c-0-2-1\" class=\"so-panel widget widget_media_image\" data-index=\"7\" ><h3 class=\"widget-title\">&#8222;Mamo, Tato wol\u0119 wod\u0119!&#8221;<\/h3><a href=\"http:\/\/przedszkola-lwowekslaski.pl\/nowa\/mamo-tato-wole-wode\/\"><img loading=\"lazy\" decoding=\"async\" width=\"300\" height=\"225\" src=\"http:\/\/przedszkola-lwowekslaski.pl\/nowa\/wp-content\/uploads\/2022\/04\/2-300x225.jpg\" class=\"image wp-image-3245  attachment-medium size-medium\" alt=\"\" style=\"max-width: 100%; height: auto;\" srcset=\"http:\/\/przedszkola-lwowekslaski.pl\/nowa\/wp-content\/uploads\/2022\/04\/2-300x225.jpg 300w, http:\/\/przedszkola-lwowekslaski.pl\/nowa\/wp-content\/uploads\/2022\/04\/2-1024x768.jpg 1024w, http:\/\/przedszkola-lwowekslaski.pl\/nowa\/wp-content\/uploads\/2022\/04\/2-768x576.jpg 768w, http:\/\/przedszkola-lwowekslaski.pl\/nowa\/wp-content\/uploads\/2022\/04\/2-1536x1152.jpg 1536w, http:\/\/przedszkola-lwowekslaski.pl\/nowa\/wp-content\/uploads\/2022\/04\/2-467x350.jpg 467w, http:\/\/przedszkola-lwowekslaski.pl\/nowa\/wp-content\/uploads\/2022\/04\/2-466x350.jpg 466w, http:\/\/przedszkola-lwowekslaski.pl\/nowa\/wp-content\/uploads\/2022\/04\/2.jpg 2048w\" sizes=\"auto, (max-width: 300px) 100vw, 300px\" \/><\/a><\/div><div id=\"panel-gb446-69f0d1571775c-0-2-2\" class=\"so-panel widget widget_media_image panel-last-child\" data-index=\"8\" ><h3 class=\"widget-title\">Odwiedziny Miko\u0142aja<\/h3><a href=\"http:\/\/przedszkola-lwowekslaski.pl\/nowa\/odwiedziny-mikolaja\/\"><img loading=\"lazy\" decoding=\"async\" width=\"300\" height=\"225\" src=\"http:\/\/przedszkola-lwowekslaski.pl\/nowa\/wp-content\/uploads\/2022\/02\/IMG_20211206_095948_2-300x225.jpg\" class=\"image wp-image-2623  attachment-medium size-medium\" alt=\"\" style=\"max-width: 100%; height: auto;\" srcset=\"http:\/\/przedszkola-lwowekslaski.pl\/nowa\/wp-content\/uploads\/2022\/02\/IMG_20211206_095948_2-300x225.jpg 300w, http:\/\/przedszkola-lwowekslaski.pl\/nowa\/wp-content\/uploads\/2022\/02\/IMG_20211206_095948_2-1024x768.jpg 1024w, http:\/\/przedszkola-lwowekslaski.pl\/nowa\/wp-content\/uploads\/2022\/02\/IMG_20211206_095948_2-768x576.jpg 768w, http:\/\/przedszkola-lwowekslaski.pl\/nowa\/wp-content\/uploads\/2022\/02\/IMG_20211206_095948_2-1536x1152.jpg 1536w, http:\/\/przedszkola-lwowekslaski.pl\/nowa\/wp-content\/uploads\/2022\/02\/IMG_20211206_095948_2-2048x1536.jpg 2048w, http:\/\/przedszkola-lwowekslaski.pl\/nowa\/wp-content\/uploads\/2022\/02\/IMG_20211206_095948_2-467x350.jpg 467w, http:\/\/przedszkola-lwowekslaski.pl\/nowa\/wp-content\/uploads\/2022\/02\/IMG_20211206_095948_2-466x350.jpg 466w\" sizes=\"auto, (max-width: 300px) 100vw, 300px\" \/><\/a><\/div><\/div><\/div><div id=\"pg-gb446-69f0d1571775c-1\"  class=\"panel-grid panel-no-style\" ><div id=\"pgc-gb446-69f0d1571775c-1-0\"  class=\"panel-grid-cell\" ><div id=\"panel-gb446-69f0d1571775c-1-0-0\" class=\"so-panel widget widget_media_image panel-first-child\" data-index=\"9\" ><h3 class=\"widget-title\">Zabawy na zimowe poranki<\/h3><a href=\"http:\/\/przedszkola-lwowekslaski.pl\/nowa\/zabawy-na-zimowe-poranki\/\"><img loading=\"lazy\" decoding=\"async\" width=\"225\" height=\"300\" src=\"http:\/\/przedszkola-lwowekslaski.pl\/nowa\/wp-content\/uploads\/2022\/02\/272406986_1879383415744762_2769567053296267305_n-225x300.jpg\" class=\"image wp-image-2680  attachment-medium size-medium\" alt=\"\" style=\"max-width: 100%; height: auto;\" srcset=\"http:\/\/przedszkola-lwowekslaski.pl\/nowa\/wp-content\/uploads\/2022\/02\/272406986_1879383415744762_2769567053296267305_n-225x300.jpg 225w, http:\/\/przedszkola-lwowekslaski.pl\/nowa\/wp-content\/uploads\/2022\/02\/272406986_1879383415744762_2769567053296267305_n-768x1024.jpg 768w, http:\/\/przedszkola-lwowekslaski.pl\/nowa\/wp-content\/uploads\/2022\/02\/272406986_1879383415744762_2769567053296267305_n-1152x1536.jpg 1152w, http:\/\/przedszkola-lwowekslaski.pl\/nowa\/wp-content\/uploads\/2022\/02\/272406986_1879383415744762_2769567053296267305_n-263x350.jpg 263w, http:\/\/przedszkola-lwowekslaski.pl\/nowa\/wp-content\/uploads\/2022\/02\/272406986_1879383415744762_2769567053296267305_n.jpg 1536w\" sizes=\"auto, (max-width: 225px) 100vw, 225px\" \/><\/a><\/div><div id=\"panel-gb446-69f0d1571775c-1-0-1\" class=\"so-panel widget widget_media_image\" data-index=\"10\" ><h3 class=\"widget-title\">Dokarmiamy ptaki<\/h3><a href=\"http:\/\/przedszkola-lwowekslaski.pl\/nowa\/dokarmiamy-ptaki\/\"><img loading=\"lazy\" decoding=\"async\" width=\"225\" height=\"300\" src=\"http:\/\/przedszkola-lwowekslaski.pl\/nowa\/wp-content\/uploads\/2022\/02\/IMG_20211222_105754-225x300.jpg\" class=\"image wp-image-2642  attachment-medium size-medium\" alt=\"\" style=\"max-width: 100%; height: auto;\" srcset=\"http:\/\/przedszkola-lwowekslaski.pl\/nowa\/wp-content\/uploads\/2022\/02\/IMG_20211222_105754-225x300.jpg 225w, http:\/\/przedszkola-lwowekslaski.pl\/nowa\/wp-content\/uploads\/2022\/02\/IMG_20211222_105754-768x1024.jpg 768w, http:\/\/przedszkola-lwowekslaski.pl\/nowa\/wp-content\/uploads\/2022\/02\/IMG_20211222_105754-1152x1536.jpg 1152w, http:\/\/przedszkola-lwowekslaski.pl\/nowa\/wp-content\/uploads\/2022\/02\/IMG_20211222_105754-1536x2048.jpg 1536w, http:\/\/przedszkola-lwowekslaski.pl\/nowa\/wp-content\/uploads\/2022\/02\/IMG_20211222_105754-263x350.jpg 263w, http:\/\/przedszkola-lwowekslaski.pl\/nowa\/wp-content\/uploads\/2022\/02\/IMG_20211222_105754-scaled.jpg 1920w\" sizes=\"auto, (max-width: 225px) 100vw, 225px\" \/><\/a><\/div><div id=\"panel-gb446-69f0d1571775c-1-0-2\" class=\"so-panel widget widget_media_image\" data-index=\"11\" ><h3 class=\"widget-title\">Zabawy andrzejkowe<\/h3><a href=\"http:\/\/przedszkola-lwowekslaski.pl\/nowa\/zabawy-andrzejkowe\/\"><img loading=\"lazy\" decoding=\"async\" width=\"225\" height=\"300\" src=\"http:\/\/przedszkola-lwowekslaski.pl\/nowa\/wp-content\/uploads\/2022\/02\/IMG_20211130_102211-225x300.jpg\" class=\"image wp-image-2613  attachment-medium size-medium\" alt=\"\" style=\"max-width: 100%; height: auto;\" srcset=\"http:\/\/przedszkola-lwowekslaski.pl\/nowa\/wp-content\/uploads\/2022\/02\/IMG_20211130_102211-225x300.jpg 225w, http:\/\/przedszkola-lwowekslaski.pl\/nowa\/wp-content\/uploads\/2022\/02\/IMG_20211130_102211-768x1024.jpg 768w, http:\/\/przedszkola-lwowekslaski.pl\/nowa\/wp-content\/uploads\/2022\/02\/IMG_20211130_102211-1152x1536.jpg 1152w, http:\/\/przedszkola-lwowekslaski.pl\/nowa\/wp-content\/uploads\/2022\/02\/IMG_20211130_102211-1536x2048.jpg 1536w, http:\/\/przedszkola-lwowekslaski.pl\/nowa\/wp-content\/uploads\/2022\/02\/IMG_20211130_102211-263x350.jpg 263w, http:\/\/przedszkola-lwowekslaski.pl\/nowa\/wp-content\/uploads\/2022\/02\/IMG_20211130_102211-scaled.jpg 1920w\" sizes=\"auto, (max-width: 225px) 100vw, 225px\" \/><\/a><\/div><div id=\"panel-gb446-69f0d1571775c-1-0-3\" class=\"so-panel widget widget_media_image\" data-index=\"12\" ><h3 class=\"widget-title\">Dzie\u0144 Postaci z bajek<\/h3><a href=\"http:\/\/przedszkola-lwowekslaski.pl\/nowa\/dzien-postaci-z-bajek\/\"><img loading=\"lazy\" decoding=\"async\" width=\"300\" height=\"225\" src=\"http:\/\/przedszkola-lwowekslaski.pl\/nowa\/wp-content\/uploads\/2022\/02\/IMG_20211105_093405-300x225.jpg\" class=\"image wp-image-2589  attachment-medium size-medium\" alt=\"\" style=\"max-width: 100%; height: auto;\" srcset=\"http:\/\/przedszkola-lwowekslaski.pl\/nowa\/wp-content\/uploads\/2022\/02\/IMG_20211105_093405-300x225.jpg 300w, http:\/\/przedszkola-lwowekslaski.pl\/nowa\/wp-content\/uploads\/2022\/02\/IMG_20211105_093405-1024x768.jpg 1024w, http:\/\/przedszkola-lwowekslaski.pl\/nowa\/wp-content\/uploads\/2022\/02\/IMG_20211105_093405-768x576.jpg 768w, http:\/\/przedszkola-lwowekslaski.pl\/nowa\/wp-content\/uploads\/2022\/02\/IMG_20211105_093405-1536x1152.jpg 1536w, http:\/\/przedszkola-lwowekslaski.pl\/nowa\/wp-content\/uploads\/2022\/02\/IMG_20211105_093405-2048x1536.jpg 2048w, http:\/\/przedszkola-lwowekslaski.pl\/nowa\/wp-content\/uploads\/2022\/02\/IMG_20211105_093405-467x350.jpg 467w, http:\/\/przedszkola-lwowekslaski.pl\/nowa\/wp-content\/uploads\/2022\/02\/IMG_20211105_093405-466x350.jpg 466w\" sizes=\"auto, (max-width: 300px) 100vw, 300px\" \/><\/a><\/div><div id=\"panel-gb446-69f0d1571775c-1-0-4\" class=\"so-panel widget widget_media_image\" data-index=\"13\" ><h3 class=\"widget-title\">Podejmujemy wyzwanie &#8211; akcja zbierania kasztan\u00f3w<\/h3><a href=\"http:\/\/przedszkola-lwowekslaski.pl\/nowa\/podejmujemy-wyzwanie-akcja-zbierania-kasztanow\/\"><img loading=\"lazy\" decoding=\"async\" width=\"300\" height=\"225\" src=\"http:\/\/przedszkola-lwowekslaski.pl\/nowa\/wp-content\/uploads\/2022\/02\/Akcja-Kasztany-300x225.jpg\" class=\"image wp-image-2556  attachment-medium size-medium\" alt=\"\" style=\"max-width: 100%; height: auto;\" srcset=\"http:\/\/przedszkola-lwowekslaski.pl\/nowa\/wp-content\/uploads\/2022\/02\/Akcja-Kasztany-300x225.jpg 300w, http:\/\/przedszkola-lwowekslaski.pl\/nowa\/wp-content\/uploads\/2022\/02\/Akcja-Kasztany-1024x768.jpg 1024w, http:\/\/przedszkola-lwowekslaski.pl\/nowa\/wp-content\/uploads\/2022\/02\/Akcja-Kasztany-768x576.jpg 768w, http:\/\/przedszkola-lwowekslaski.pl\/nowa\/wp-content\/uploads\/2022\/02\/Akcja-Kasztany-1536x1152.jpg 1536w, http:\/\/przedszkola-lwowekslaski.pl\/nowa\/wp-content\/uploads\/2022\/02\/Akcja-Kasztany-2048x1536.jpg 2048w, http:\/\/przedszkola-lwowekslaski.pl\/nowa\/wp-content\/uploads\/2022\/02\/Akcja-Kasztany-467x350.jpg 467w, http:\/\/przedszkola-lwowekslaski.pl\/nowa\/wp-content\/uploads\/2022\/02\/Akcja-Kasztany-466x350.jpg 466w\" sizes=\"auto, (max-width: 300px) 100vw, 300px\" \/><\/a><\/div><div id=\"panel-gb446-69f0d1571775c-1-0-5\" class=\"so-panel widget widget_media_image\" data-index=\"14\" ><h3 class=\"widget-title\">Bezpiecze\u0144stwo na drodze<\/h3><a href=\"http:\/\/przedszkola-lwowekslaski.pl\/nowa\/bezpieczenstwo-na-drodze\/\"><img loading=\"lazy\" decoding=\"async\" width=\"300\" height=\"225\" src=\"http:\/\/przedszkola-lwowekslaski.pl\/nowa\/wp-content\/uploads\/2022\/02\/242504213_1791257367890701_8386877899459113119_n-300x225.jpg\" class=\"image wp-image-2526  attachment-medium size-medium\" alt=\"\" style=\"max-width: 100%; height: auto;\" srcset=\"http:\/\/przedszkola-lwowekslaski.pl\/nowa\/wp-content\/uploads\/2022\/02\/242504213_1791257367890701_8386877899459113119_n-300x225.jpg 300w, http:\/\/przedszkola-lwowekslaski.pl\/nowa\/wp-content\/uploads\/2022\/02\/242504213_1791257367890701_8386877899459113119_n-768x576.jpg 768w, http:\/\/przedszkola-lwowekslaski.pl\/nowa\/wp-content\/uploads\/2022\/02\/242504213_1791257367890701_8386877899459113119_n-467x350.jpg 467w, http:\/\/przedszkola-lwowekslaski.pl\/nowa\/wp-content\/uploads\/2022\/02\/242504213_1791257367890701_8386877899459113119_n-466x350.jpg 466w, http:\/\/przedszkola-lwowekslaski.pl\/nowa\/wp-content\/uploads\/2022\/02\/242504213_1791257367890701_8386877899459113119_n.jpg 960w\" sizes=\"auto, (max-width: 300px) 100vw, 300px\" \/><\/a><\/div><div id=\"panel-gb446-69f0d1571775c-1-0-6\" class=\"so-panel widget widget_media_image panel-last-child\" data-index=\"15\" ><h3 class=\"widget-title\">Dzie\u0144 wody w przedszkolu<\/h3><a href=\"http:\/\/przedszkola-lwowekslaski.pl\/nowa\/dzien-wody-w-przedszkolu\/\"><img loading=\"lazy\" decoding=\"async\" width=\"300\" height=\"169\" src=\"http:\/\/przedszkola-lwowekslaski.pl\/nowa\/wp-content\/uploads\/2019\/08\/55510818_420408118769974_8020601544082718720_n-300x169.jpg\" class=\"image wp-image-128  attachment-medium size-medium\" alt=\"Dzie\u0144 wody w przedszkolu\" style=\"max-width: 100%; height: auto;\" srcset=\"http:\/\/przedszkola-lwowekslaski.pl\/nowa\/wp-content\/uploads\/2019\/08\/55510818_420408118769974_8020601544082718720_n-300x169.jpg 300w, http:\/\/przedszkola-lwowekslaski.pl\/nowa\/wp-content\/uploads\/2019\/08\/55510818_420408118769974_8020601544082718720_n-768x432.jpg 768w, http:\/\/przedszkola-lwowekslaski.pl\/nowa\/wp-content\/uploads\/2019\/08\/55510818_420408118769974_8020601544082718720_n-1024x576.jpg 1024w, http:\/\/przedszkola-lwowekslaski.pl\/nowa\/wp-content\/uploads\/2019\/08\/55510818_420408118769974_8020601544082718720_n-622x350.jpg 622w, http:\/\/przedszkola-lwowekslaski.pl\/nowa\/wp-content\/uploads\/2019\/08\/55510818_420408118769974_8020601544082718720_n.jpg 2040w\" sizes=\"auto, (max-width: 300px) 100vw, 300px\" \/><\/a><\/div><\/div><div id=\"pgc-gb446-69f0d1571775c-1-1\"  class=\"panel-grid-cell\" ><div id=\"panel-gb446-69f0d1571775c-1-1-0\" class=\"so-panel widget widget_media_image panel-first-child\" data-index=\"16\" ><h3 class=\"widget-title\">\u015awi\u0119to Niepodleg\u0142o\u015bci<\/h3><a href=\"http:\/\/przedszkola-lwowekslaski.pl\/nowa\/swieto-niepodleglosci-2\/\"><img loading=\"lazy\" decoding=\"async\" width=\"300\" height=\"225\" src=\"http:\/\/przedszkola-lwowekslaski.pl\/nowa\/wp-content\/uploads\/2022\/02\/Swieto-Niepodleg\u0142o\u015bci-300x225.jpg\" class=\"image wp-image-2603  attachment-medium size-medium\" alt=\"\" style=\"max-width: 100%; height: auto;\" srcset=\"http:\/\/przedszkola-lwowekslaski.pl\/nowa\/wp-content\/uploads\/2022\/02\/Swieto-Niepodleg\u0142o\u015bci-300x225.jpg 300w, http:\/\/przedszkola-lwowekslaski.pl\/nowa\/wp-content\/uploads\/2022\/02\/Swieto-Niepodleg\u0142o\u015bci-1024x768.jpg 1024w, http:\/\/przedszkola-lwowekslaski.pl\/nowa\/wp-content\/uploads\/2022\/02\/Swieto-Niepodleg\u0142o\u015bci-768x576.jpg 768w, http:\/\/przedszkola-lwowekslaski.pl\/nowa\/wp-content\/uploads\/2022\/02\/Swieto-Niepodleg\u0142o\u015bci-1536x1152.jpg 1536w, http:\/\/przedszkola-lwowekslaski.pl\/nowa\/wp-content\/uploads\/2022\/02\/Swieto-Niepodleg\u0142o\u015bci-2048x1536.jpg 2048w, http:\/\/przedszkola-lwowekslaski.pl\/nowa\/wp-content\/uploads\/2022\/02\/Swieto-Niepodleg\u0142o\u015bci-467x350.jpg 467w, http:\/\/przedszkola-lwowekslaski.pl\/nowa\/wp-content\/uploads\/2022\/02\/Swieto-Niepodleg\u0142o\u015bci-466x350.jpg 466w\" sizes=\"auto, (max-width: 300px) 100vw, 300px\" \/><\/a><\/div><div id=\"panel-gb446-69f0d1571775c-1-1-1\" class=\"so-panel widget widget_media_image\" data-index=\"17\" ><h3 class=\"widget-title\">\u015awi\u0119to Dyni<\/h3><a href=\"http:\/\/przedszkola-lwowekslaski.pl\/nowa\/swieto-dyni\/\"><img loading=\"lazy\" decoding=\"async\" width=\"300\" height=\"225\" src=\"http:\/\/przedszkola-lwowekslaski.pl\/nowa\/wp-content\/uploads\/2022\/02\/IMG_20211029_093705-300x225.jpg\" class=\"image wp-image-2573  attachment-medium size-medium\" alt=\"\" style=\"max-width: 100%; height: auto;\" srcset=\"http:\/\/przedszkola-lwowekslaski.pl\/nowa\/wp-content\/uploads\/2022\/02\/IMG_20211029_093705-300x225.jpg 300w, http:\/\/przedszkola-lwowekslaski.pl\/nowa\/wp-content\/uploads\/2022\/02\/IMG_20211029_093705-1024x768.jpg 1024w, http:\/\/przedszkola-lwowekslaski.pl\/nowa\/wp-content\/uploads\/2022\/02\/IMG_20211029_093705-768x576.jpg 768w, http:\/\/przedszkola-lwowekslaski.pl\/nowa\/wp-content\/uploads\/2022\/02\/IMG_20211029_093705-1536x1152.jpg 1536w, http:\/\/przedszkola-lwowekslaski.pl\/nowa\/wp-content\/uploads\/2022\/02\/IMG_20211029_093705-2048x1536.jpg 2048w, http:\/\/przedszkola-lwowekslaski.pl\/nowa\/wp-content\/uploads\/2022\/02\/IMG_20211029_093705-467x350.jpg 467w, http:\/\/przedszkola-lwowekslaski.pl\/nowa\/wp-content\/uploads\/2022\/02\/IMG_20211029_093705-466x350.jpg 466w\" sizes=\"auto, (max-width: 300px) 100vw, 300px\" \/><\/a><\/div><div id=\"panel-gb446-69f0d1571775c-1-1-2\" class=\"so-panel widget widget_media_image\" data-index=\"18\" ><h3 class=\"widget-title\">Lamy w ogrodzie przedszkolnym<\/h3><a href=\"http:\/\/przedszkola-lwowekslaski.pl\/nowa\/lamy-w-ogrodzie-przedszkolnym\/\"><img loading=\"lazy\" decoding=\"async\" width=\"225\" height=\"300\" src=\"http:\/\/przedszkola-lwowekslaski.pl\/nowa\/wp-content\/uploads\/2022\/02\/IMG_20210917_091741-225x300.jpg\" class=\"image wp-image-2666  attachment-medium size-medium\" alt=\"\" style=\"max-width: 100%; height: auto;\" srcset=\"http:\/\/przedszkola-lwowekslaski.pl\/nowa\/wp-content\/uploads\/2022\/02\/IMG_20210917_091741-225x300.jpg 225w, http:\/\/przedszkola-lwowekslaski.pl\/nowa\/wp-content\/uploads\/2022\/02\/IMG_20210917_091741-768x1024.jpg 768w, http:\/\/przedszkola-lwowekslaski.pl\/nowa\/wp-content\/uploads\/2022\/02\/IMG_20210917_091741-1152x1536.jpg 1152w, http:\/\/przedszkola-lwowekslaski.pl\/nowa\/wp-content\/uploads\/2022\/02\/IMG_20210917_091741-1536x2048.jpg 1536w, http:\/\/przedszkola-lwowekslaski.pl\/nowa\/wp-content\/uploads\/2022\/02\/IMG_20210917_091741-263x350.jpg 263w, http:\/\/przedszkola-lwowekslaski.pl\/nowa\/wp-content\/uploads\/2022\/02\/IMG_20210917_091741-scaled.jpg 1920w\" sizes=\"auto, (max-width: 225px) 100vw, 225px\" \/><\/a><\/div><div id=\"panel-gb446-69f0d1571775c-1-1-3\" class=\"so-panel widget widget_media_image\" data-index=\"19\" ><h3 class=\"widget-title\">W zamku kr\u00f3la &#8211; teatrzyk<\/h3><a href=\"http:\/\/przedszkola-lwowekslaski.pl\/nowa\/w-zamku-krola-teatrzyk\/\"><img loading=\"lazy\" decoding=\"async\" width=\"225\" height=\"300\" src=\"http:\/\/przedszkola-lwowekslaski.pl\/nowa\/wp-content\/uploads\/2022\/02\/W-zamku-Kr\u00f3la-225x300.jpg\" class=\"image wp-image-2549  attachment-medium size-medium\" alt=\"\" style=\"max-width: 100%; height: auto;\" srcset=\"http:\/\/przedszkola-lwowekslaski.pl\/nowa\/wp-content\/uploads\/2022\/02\/W-zamku-Kr\u00f3la-225x300.jpg 225w, http:\/\/przedszkola-lwowekslaski.pl\/nowa\/wp-content\/uploads\/2022\/02\/W-zamku-Kr\u00f3la-768x1024.jpg 768w, http:\/\/przedszkola-lwowekslaski.pl\/nowa\/wp-content\/uploads\/2022\/02\/W-zamku-Kr\u00f3la-1152x1536.jpg 1152w, http:\/\/przedszkola-lwowekslaski.pl\/nowa\/wp-content\/uploads\/2022\/02\/W-zamku-Kr\u00f3la-1536x2048.jpg 1536w, http:\/\/przedszkola-lwowekslaski.pl\/nowa\/wp-content\/uploads\/2022\/02\/W-zamku-Kr\u00f3la-263x350.jpg 263w, http:\/\/przedszkola-lwowekslaski.pl\/nowa\/wp-content\/uploads\/2022\/02\/W-zamku-Kr\u00f3la-scaled.jpg 1920w\" sizes=\"auto, (max-width: 225px) 100vw, 225px\" \/><\/a><\/div><div id=\"panel-gb446-69f0d1571775c-1-1-4\" class=\"so-panel widget widget_media_image\" data-index=\"20\" ><h3 class=\"widget-title\">Dzie\u0144 Ch\u0142opaka<\/h3><a href=\"http:\/\/przedszkola-lwowekslaski.pl\/nowa\/dzien-chlopaka-5\/\"><img loading=\"lazy\" decoding=\"async\" width=\"300\" height=\"225\" src=\"http:\/\/przedszkola-lwowekslaski.pl\/nowa\/wp-content\/uploads\/2022\/02\/Dzie\u0144-Chlopaka-300x225.jpg\" class=\"image wp-image-2517  attachment-medium size-medium\" alt=\"\" style=\"max-width: 100%; height: auto;\" srcset=\"http:\/\/przedszkola-lwowekslaski.pl\/nowa\/wp-content\/uploads\/2022\/02\/Dzie\u0144-Chlopaka-300x225.jpg 300w, http:\/\/przedszkola-lwowekslaski.pl\/nowa\/wp-content\/uploads\/2022\/02\/Dzie\u0144-Chlopaka-1024x768.jpg 1024w, http:\/\/przedszkola-lwowekslaski.pl\/nowa\/wp-content\/uploads\/2022\/02\/Dzie\u0144-Chlopaka-768x576.jpg 768w, http:\/\/przedszkola-lwowekslaski.pl\/nowa\/wp-content\/uploads\/2022\/02\/Dzie\u0144-Chlopaka-1536x1152.jpg 1536w, http:\/\/przedszkola-lwowekslaski.pl\/nowa\/wp-content\/uploads\/2022\/02\/Dzie\u0144-Chlopaka-2048x1536.jpg 2048w, http:\/\/przedszkola-lwowekslaski.pl\/nowa\/wp-content\/uploads\/2022\/02\/Dzie\u0144-Chlopaka-467x350.jpg 467w, http:\/\/przedszkola-lwowekslaski.pl\/nowa\/wp-content\/uploads\/2022\/02\/Dzie\u0144-Chlopaka-466x350.jpg 466w\" sizes=\"auto, (max-width: 300px) 100vw, 300px\" \/><\/a><\/div><div id=\"panel-gb446-69f0d1571775c-1-1-5\" class=\"so-panel widget widget_media_image panel-last-child\" data-index=\"21\" ><h3 class=\"widget-title\">Nasza Planeta<\/h3><a href=\"http:\/\/przedszkola-lwowekslaski.pl\/nowa\/nasza-planeta\/\"><img loading=\"lazy\" decoding=\"async\" width=\"300\" height=\"169\" src=\"http:\/\/przedszkola-lwowekslaski.pl\/nowa\/wp-content\/uploads\/2019\/10\/IMG_20190228_092234-300x169.jpg\" class=\"image wp-image-504  attachment-medium size-medium\" alt=\"\" style=\"max-width: 100%; height: auto;\" srcset=\"http:\/\/przedszkola-lwowekslaski.pl\/nowa\/wp-content\/uploads\/2019\/10\/IMG_20190228_092234-300x169.jpg 300w, http:\/\/przedszkola-lwowekslaski.pl\/nowa\/wp-content\/uploads\/2019\/10\/IMG_20190228_092234-768x432.jpg 768w, http:\/\/przedszkola-lwowekslaski.pl\/nowa\/wp-content\/uploads\/2019\/10\/IMG_20190228_092234-1024x576.jpg 1024w, http:\/\/przedszkola-lwowekslaski.pl\/nowa\/wp-content\/uploads\/2019\/10\/IMG_20190228_092234-622x350.jpg 622w\" sizes=\"auto, (max-width: 300px) 100vw, 300px\" \/><\/a><\/div><\/div><div id=\"pgc-gb446-69f0d1571775c-1-2\"  class=\"panel-grid-cell\" ><div id=\"panel-gb446-69f0d1571775c-1-2-0\" class=\"so-panel widget widget_media_image panel-first-child\" data-index=\"22\" ><h3 class=\"widget-title\">Jesienny koncert w parku<\/h3><a href=\"http:\/\/przedszkola-lwowekslaski.pl\/nowa\/jesienny-koncert-w-parku\/\"><img loading=\"lazy\" decoding=\"async\" width=\"300\" height=\"225\" src=\"http:\/\/przedszkola-lwowekslaski.pl\/nowa\/wp-content\/uploads\/2022\/02\/IMG_20211103_104850-300x225.jpg\" class=\"image wp-image-2596  attachment-medium size-medium\" alt=\"\" style=\"max-width: 100%; height: auto;\" srcset=\"http:\/\/przedszkola-lwowekslaski.pl\/nowa\/wp-content\/uploads\/2022\/02\/IMG_20211103_104850-300x225.jpg 300w, http:\/\/przedszkola-lwowekslaski.pl\/nowa\/wp-content\/uploads\/2022\/02\/IMG_20211103_104850-1024x768.jpg 1024w, http:\/\/przedszkola-lwowekslaski.pl\/nowa\/wp-content\/uploads\/2022\/02\/IMG_20211103_104850-768x576.jpg 768w, http:\/\/przedszkola-lwowekslaski.pl\/nowa\/wp-content\/uploads\/2022\/02\/IMG_20211103_104850-1536x1152.jpg 1536w, http:\/\/przedszkola-lwowekslaski.pl\/nowa\/wp-content\/uploads\/2022\/02\/IMG_20211103_104850-2048x1536.jpg 2048w, http:\/\/przedszkola-lwowekslaski.pl\/nowa\/wp-content\/uploads\/2022\/02\/IMG_20211103_104850-467x350.jpg 467w, http:\/\/przedszkola-lwowekslaski.pl\/nowa\/wp-content\/uploads\/2022\/02\/IMG_20211103_104850-466x350.jpg 466w\" sizes=\"auto, (max-width: 300px) 100vw, 300px\" \/><\/a><\/div><div id=\"panel-gb446-69f0d1571775c-1-2-1\" class=\"so-panel widget widget_media_image\" data-index=\"23\" ><h3 class=\"widget-title\">Dzie\u0144 Edukacji Narodowej<\/h3><a href=\"http:\/\/przedszkola-lwowekslaski.pl\/nowa\/dzien-edukacji-narodowej-3\/\"><img loading=\"lazy\" decoding=\"async\" width=\"300\" height=\"225\" src=\"http:\/\/przedszkola-lwowekslaski.pl\/nowa\/wp-content\/uploads\/2022\/02\/IMG_20211014_104238-300x225.jpg\" class=\"image wp-image-2563  attachment-medium size-medium\" alt=\"\" style=\"max-width: 100%; height: auto;\" srcset=\"http:\/\/przedszkola-lwowekslaski.pl\/nowa\/wp-content\/uploads\/2022\/02\/IMG_20211014_104238-300x225.jpg 300w, http:\/\/przedszkola-lwowekslaski.pl\/nowa\/wp-content\/uploads\/2022\/02\/IMG_20211014_104238-1024x768.jpg 1024w, http:\/\/przedszkola-lwowekslaski.pl\/nowa\/wp-content\/uploads\/2022\/02\/IMG_20211014_104238-768x576.jpg 768w, http:\/\/przedszkola-lwowekslaski.pl\/nowa\/wp-content\/uploads\/2022\/02\/IMG_20211014_104238-1536x1152.jpg 1536w, http:\/\/przedszkola-lwowekslaski.pl\/nowa\/wp-content\/uploads\/2022\/02\/IMG_20211014_104238-2048x1536.jpg 2048w, http:\/\/przedszkola-lwowekslaski.pl\/nowa\/wp-content\/uploads\/2022\/02\/IMG_20211014_104238-467x350.jpg 467w, http:\/\/przedszkola-lwowekslaski.pl\/nowa\/wp-content\/uploads\/2022\/02\/IMG_20211014_104238-466x350.jpg 466w\" sizes=\"auto, (max-width: 300px) 100vw, 300px\" \/><\/a><\/div><div id=\"panel-gb446-69f0d1571775c-1-2-2\" class=\"so-panel widget widget_media_image\" data-index=\"24\" ><h3 class=\"widget-title\">Poznajemy numery alarmowe<\/h3><a href=\"http:\/\/przedszkola-lwowekslaski.pl\/nowa\/poznajemy-numery-alarmowe\/\"><img loading=\"lazy\" decoding=\"async\" width=\"225\" height=\"300\" src=\"http:\/\/przedszkola-lwowekslaski.pl\/nowa\/wp-content\/uploads\/2022\/02\/IMG_20210922_103154-225x300.jpg\" class=\"image wp-image-2536  attachment-medium size-medium\" alt=\"\" style=\"max-width: 100%; height: auto;\" srcset=\"http:\/\/przedszkola-lwowekslaski.pl\/nowa\/wp-content\/uploads\/2022\/02\/IMG_20210922_103154-225x300.jpg 225w, http:\/\/przedszkola-lwowekslaski.pl\/nowa\/wp-content\/uploads\/2022\/02\/IMG_20210922_103154-768x1024.jpg 768w, http:\/\/przedszkola-lwowekslaski.pl\/nowa\/wp-content\/uploads\/2022\/02\/IMG_20210922_103154-1152x1536.jpg 1152w, http:\/\/przedszkola-lwowekslaski.pl\/nowa\/wp-content\/uploads\/2022\/02\/IMG_20210922_103154-1536x2048.jpg 1536w, http:\/\/przedszkola-lwowekslaski.pl\/nowa\/wp-content\/uploads\/2022\/02\/IMG_20210922_103154-263x350.jpg 263w, http:\/\/przedszkola-lwowekslaski.pl\/nowa\/wp-content\/uploads\/2022\/02\/IMG_20210922_103154-scaled.jpg 1920w\" sizes=\"auto, (max-width: 225px) 100vw, 225px\" \/><\/a><\/div><div id=\"panel-gb446-69f0d1571775c-1-2-3\" class=\"so-panel widget widget_media_image\" data-index=\"25\" ><h3 class=\"widget-title\">Dzie\u0144 kropki<\/h3><a href=\"http:\/\/przedszkola-lwowekslaski.pl\/nowa\/dzien-kropki\/\"><img loading=\"lazy\" decoding=\"async\" width=\"300\" height=\"225\" src=\"http:\/\/przedszkola-lwowekslaski.pl\/nowa\/wp-content\/uploads\/2022\/02\/IMG_20210915_094204-300x225.jpg\" class=\"image wp-image-2656  attachment-medium size-medium\" alt=\"\" style=\"max-width: 100%; height: auto;\" srcset=\"http:\/\/przedszkola-lwowekslaski.pl\/nowa\/wp-content\/uploads\/2022\/02\/IMG_20210915_094204-300x225.jpg 300w, http:\/\/przedszkola-lwowekslaski.pl\/nowa\/wp-content\/uploads\/2022\/02\/IMG_20210915_094204-1024x768.jpg 1024w, http:\/\/przedszkola-lwowekslaski.pl\/nowa\/wp-content\/uploads\/2022\/02\/IMG_20210915_094204-768x576.jpg 768w, http:\/\/przedszkola-lwowekslaski.pl\/nowa\/wp-content\/uploads\/2022\/02\/IMG_20210915_094204-1536x1152.jpg 1536w, http:\/\/przedszkola-lwowekslaski.pl\/nowa\/wp-content\/uploads\/2022\/02\/IMG_20210915_094204-2048x1536.jpg 2048w, http:\/\/przedszkola-lwowekslaski.pl\/nowa\/wp-content\/uploads\/2022\/02\/IMG_20210915_094204-467x350.jpg 467w, http:\/\/przedszkola-lwowekslaski.pl\/nowa\/wp-content\/uploads\/2022\/02\/IMG_20210915_094204-466x350.jpg 466w\" sizes=\"auto, (max-width: 300px) 100vw, 300px\" \/><\/a><\/div><div id=\"panel-gb446-69f0d1571775c-1-2-4\" class=\"so-panel widget widget_media_image\" data-index=\"26\" ><h3 class=\"widget-title\">Dzie\u0144 Przedszkolaka<\/h3><a href=\"http:\/\/przedszkola-lwowekslaski.pl\/nowa\/dzien-przedszkolaka-2\/\"><img loading=\"lazy\" decoding=\"async\" width=\"300\" height=\"225\" src=\"http:\/\/przedszkola-lwowekslaski.pl\/nowa\/wp-content\/uploads\/2022\/02\/IMG_20210920_103530-300x225.jpg\" class=\"image wp-image-2513  attachment-medium size-medium\" alt=\"\" style=\"max-width: 100%; height: auto;\" srcset=\"http:\/\/przedszkola-lwowekslaski.pl\/nowa\/wp-content\/uploads\/2022\/02\/IMG_20210920_103530-300x225.jpg 300w, http:\/\/przedszkola-lwowekslaski.pl\/nowa\/wp-content\/uploads\/2022\/02\/IMG_20210920_103530-1024x768.jpg 1024w, http:\/\/przedszkola-lwowekslaski.pl\/nowa\/wp-content\/uploads\/2022\/02\/IMG_20210920_103530-768x576.jpg 768w, http:\/\/przedszkola-lwowekslaski.pl\/nowa\/wp-content\/uploads\/2022\/02\/IMG_20210920_103530-1536x1152.jpg 1536w, http:\/\/przedszkola-lwowekslaski.pl\/nowa\/wp-content\/uploads\/2022\/02\/IMG_20210920_103530-2048x1536.jpg 2048w, http:\/\/przedszkola-lwowekslaski.pl\/nowa\/wp-content\/uploads\/2022\/02\/IMG_20210920_103530-467x350.jpg 467w, http:\/\/przedszkola-lwowekslaski.pl\/nowa\/wp-content\/uploads\/2022\/02\/IMG_20210920_103530-466x350.jpg 466w\" sizes=\"auto, (max-width: 300px) 100vw, 300px\" \/><\/a><\/div><div id=\"panel-gb446-69f0d1571775c-1-2-5\" class=\"so-panel widget widget_media_image panel-last-child\" data-index=\"27\" ><h3 class=\"widget-title\">Na wiejskim podw\u00f3rku<\/h3><a href=\"http:\/\/przedszkola-lwowekslaski.pl\/nowa\/na-wiejskim-podworku\/\"><img loading=\"lazy\" decoding=\"async\" width=\"300\" height=\"169\" src=\"http:\/\/przedszkola-lwowekslaski.pl\/nowa\/wp-content\/uploads\/2019\/10\/IMG_20190328_090717-300x169.jpg\" class=\"image wp-image-530  attachment-medium size-medium\" alt=\"\" style=\"max-width: 100%; height: auto;\" srcset=\"http:\/\/przedszkola-lwowekslaski.pl\/nowa\/wp-content\/uploads\/2019\/10\/IMG_20190328_090717-300x169.jpg 300w, http:\/\/przedszkola-lwowekslaski.pl\/nowa\/wp-content\/uploads\/2019\/10\/IMG_20190328_090717-768x432.jpg 768w, http:\/\/przedszkola-lwowekslaski.pl\/nowa\/wp-content\/uploads\/2019\/10\/IMG_20190328_090717-1024x576.jpg 1024w, http:\/\/przedszkola-lwowekslaski.pl\/nowa\/wp-content\/uploads\/2019\/10\/IMG_20190328_090717-622x350.jpg 622w\" sizes=\"auto, (max-width: 300px) 100vw, 300px\" \/><\/a><\/div><\/div><\/div><\/div>","protected":false},"excerpt":{"rendered":"","protected":false},"author":1,"featured_media":0,"parent":0,"menu_order":0,"comment_status":"closed","ping_status":"closed","template":"","meta":{"footnotes":""},"class_list":["post-446","page","type-page","status-publish","hentry"],"_links":{"self":[{"href":"http:\/\/przedszkola-lwowekslaski.pl\/nowa\/wp-json\/wp\/v2\/pages\/446","targetHints":{"allow":["GET"]}}],"collection":[{"href":"http:\/\/przedszkola-lwowekslaski.pl\/nowa\/wp-json\/wp\/v2\/pages"}],"about":[{"href":"http:\/\/przedszkola-lwowekslaski.pl\/nowa\/wp-json\/wp\/v2\/types\/page"}],"author":[{"embeddable":true,"href":"http:\/\/przedszkola-lwowekslaski.pl\/nowa\/wp-json\/wp\/v2\/users\/1"}],"replies":[{"embeddable":true,"href":"http:\/\/przedszkola-lwowekslaski.pl\/nowa\/wp-json\/wp\/v2\/comments?post=446"}],"version-history":[{"count":9,"href":"http:\/\/przedszkola-lwowekslaski.pl\/nowa\/wp-json\/wp\/v2\/pages\/446\/revisions"}],"predecessor-version":[{"id":3990,"href":"http:\/\/przedszkola-lwowekslaski.pl\/nowa\/wp-json\/wp\/v2\/pages\/446\/revisions\/3990"}],"wp:attachment":[{"href":"http:\/\/przedszkola-lwowekslaski.pl\/nowa\/wp-json\/wp\/v2\/media?parent=446"}],"curies":[{"name":"wp","href":"https:\/\/api.w.org\/{rel}","templated":true}]}}