{"id":262,"date":"2019-09-10T18:06:48","date_gmt":"2019-09-10T16:06:48","guid":{"rendered":"http:\/\/przedszkola-lwowekslaski.pl\/nowa\/?page_id=262"},"modified":"2019-09-10T18:14:39","modified_gmt":"2019-09-10T16:14:39","slug":"dzien-wody-w-przedszkolu","status":"publish","type":"page","link":"http:\/\/przedszkola-lwowekslaski.pl\/nowa\/dzien-wody-w-przedszkolu\/","title":{"rendered":"Dzie\u0144 wody w Przedszkolu"},"content":{"rendered":"<p><strong>Dzie\u0144 Wody &nbsp;<\/strong><\/p>\n<p>\u015awi\u0119towanie Dnia Wody odby\u0142o si\u0119 22 marca. W tym dniu wi\u0119kszo\u015b\u0107 dzieci ubrana by\u0142a na niebiesko. Zaj\u0119cia edukacyjne po\u0142\u0105czone by\u0142y ze \u015bwietn\u0105 zabaw\u0105. Dzieci wieloma zmys\u0142ami do\u015bwiadcza\u0142y kontaktu z wod\u0105 i eksperymentowa\u0142y z ni\u0105. Wszystkie przedszkolaki wiedz\u0105, \u017ce woda jest niezb\u0119dnym \u017ar\u00f3d\u0142em \u017cycia dla ludzi, zwierz\u0105t i ro\u015blin. W tym dniu ka\u017cdy obowi\u0105zkowo pi\u0142 wod\u0119.<\/p>\n\n<div  id=\"jtg-264\" class=\"modula modula-gallery modula-creative-gallery\" data-config=\"{&quot;height&quot;:800,&quot;tabletHeight&quot;:800,&quot;mobileHeight&quot;:800,&quot;desktopHeight&quot;:800,&quot;enableTwitter&quot;:false,&quot;enableWhatsapp&quot;:false,&quot;enableFacebook&quot;:false,&quot;enablePinterest&quot;:false,&quot;enableLinkedin&quot;:false,&quot;enableEmail&quot;:false,&quot;randomFactor&quot;:0.5,&quot;type&quot;:&quot;creative-gallery&quot;,&quot;columns&quot;:12,&quot;gutter&quot;:10,&quot;mobileGutter&quot;:10,&quot;tabletGutter&quot;:10,&quot;desktopGutter&quot;:10,&quot;enableResponsive&quot;:&quot;0&quot;,&quot;tabletColumns&quot;:&quot;2&quot;,&quot;mobileColumns&quot;:&quot;1&quot;,&quot;lazyLoad&quot;:0,&quot;lightboxOpts&quot;:{&quot;animated&quot;:true,&quot;Thumbs&quot;:{&quot;type&quot;:&quot;modern&quot;,&quot;showOnStart&quot;:false},&quot;Toolbar&quot;:{&quot;display&quot;:{&quot;right&quot;:[&quot;close&quot;]},&quot;enabled&quot;:true},&quot;Carousel&quot;:{&quot;Panzoom&quot;:{&quot;touch&quot;:true},&quot;infinite&quot;:false},&quot;keyboard&quot;:{&quot;Escape&quot;:&quot;close&quot;,&quot;Delete&quot;:&quot;close&quot;,&quot;Backspace&quot;:&quot;close&quot;,&quot;PageUp&quot;:false,&quot;PageDown&quot;:false,&quot;ArrowUp&quot;:false,&quot;ArrowDown&quot;:false,&quot;ArrowRight&quot;:false,&quot;ArrowLeft&quot;:false},&quot;touch&quot;:false,&quot;backdropClick&quot;:false,&quot;l10n&quot;:{&quot;CLOSE&quot;:&quot;Zamknij&quot;,&quot;NEXT&quot;:&quot;Nast\\u0119pny&quot;,&quot;PREV&quot;:&quot;Poprzedni&quot;,&quot;Error&quot;:&quot;Nie mo\\u017cna wczyta\\u0107 \\u017c\\u0105danej tre\\u015bci. Spr\\u00f3buj ponownie p\\u00f3\\u017aniej.&quot;,&quot;PLAY_START&quot;:&quot;Rozpocznij pokaz slajd\\u00f3w&quot;,&quot;PLAY_STOP&quot;:&quot;Zatrzymaj pokaz slajd\\u00f3w&quot;,&quot;FULL_SCREEN&quot;:&quot;Pe\\u0142ny ekran&quot;,&quot;THUMBS&quot;:&quot;Miniaturki&quot;,&quot;DOWNLOAD&quot;:&quot;Pobieranie&quot;,&quot;SHARE&quot;:&quot;Udost\\u0119pnij&quot;,&quot;ZOOM&quot;:&quot;Powi\\u0119kszenie&quot;,&quot;EMAIL&quot;:&quot;Here is the link to the image : %%image_link%% and this is the link to the gallery : %%gallery_link%%&quot;,&quot;MODAL&quot;:&quot;Mo\\u017cesz zamkn\\u0105\\u0107 t\\u0119 zawarto\\u015b\\u0107 okna modalnego za pomoc\\u0105 klawisza ESC&quot;,&quot;ERROR&quot;:&quot;Co\\u015b posz\\u0142o nie tak. Spr\\u00f3buj ponownie p\\u00f3\\u017aniej&quot;,&quot;IMAGE_ERROR&quot;:&quot;Nie znaleziono obrazka&quot;,&quot;ELEMENT_NOT_FOUND&quot;:&quot;Nie znaleziono elementu HTML&quot;,&quot;AJAX_NOT_FOUND&quot;:&quot;B\\u0142\\u0105d wczytywania AJAX: Nie znaleziono&quot;,&quot;AJAX_FORBIDDEN&quot;:&quot;B\\u0142\\u0105d wczytywania AJAX: Zabronione&quot;,&quot;IFRAME_ERROR&quot;:&quot;B\\u0142\\u0105d wczytywania strony&quot;,&quot;TOGGLE_ZOOM&quot;:&quot;Prze\\u0142\\u0105cz poziom powi\\u0119kszenia&quot;,&quot;TOGGLE_THUMBS&quot;:&quot;Prze\\u0142\\u0105cz miniaturki&quot;,&quot;TOGGLE_SLIDESHOW&quot;:&quot;Prze\\u0142\\u0105cz pokaz slajd\\u00f3w&quot;,&quot;TOGGLE_FULLSCREEN&quot;:&quot;Prze\\u0142\\u0105cz tryb pe\\u0142noekranowy&quot;},&quot;Images&quot;:{&quot;Panzoom&quot;:{&quot;maxScale&quot;:2}},&quot;mainClass&quot;:&quot;modula-fancybox-container modula-lightbox-jtg-264&quot;,&quot;Html&quot;:{&quot;videoAutoplay&quot;:0,&quot;videoTpl&quot;:&quot;&lt;video class=\\&quot;fancybox__html5video\\&quot; controls muted playsinline controlsList controlsList=\\&quot;nodownload\\&quot; poster=\\&quot;{{poster}}\\&quot; src=\\&quot;{{src}}\\&quot; type=\\&quot;{{format}}\\&quot; &gt;  Sorry, your browser doesn&#039;t support embedded videos, &lt;a href=\\&quot;{{src}}\\&quot;&gt; download &lt;\\\/a&gt; and watch with your favorite video player! &lt;\\\/video&gt;&quot;}},&quot;inView&quot;:false,&quot;email_subject&quot;:&quot;Sprawd\\u017a ten niesamowity obrazek!&quot;,&quot;email_message&quot;:&quot;Oto odno\\u015bnik do obrazka: %%image_link%%, a oto odno\\u015bnik do galerii: %%gallery_link%% &quot;,&quot;lightbox&quot;:&quot;fancybox&quot;}\">\n\n\t\n\t<div  class=\"modula-items\">\n\t\t<div class=\"modula-item effect-pufrobo\" >\n\t<div class=\"modula-item-overlay\"><\/div>\n\n\t<div class=\"modula-item-content\">\n\n\t\t<a data-image-id=\"131\" role=\"button\" data-elementor-open-lightbox=\"no\" tabindex=\"0\" rel=\"jtg-264\" data-caption=\"\" aria-label=\"Otw\u00f3rz obrazek w lightboxie\" class=\"tile-inner modula-item-link\"><\/a><img loading=\"lazy\" decoding=\"async\" class=\"pic wp-image-131\"  data-valign=\"middle\" data-halign=\"center\" alt=\"\" data-full=\"http:\/\/przedszkola-lwowekslaski.pl\/nowa\/wp-content\/uploads\/2019\/08\/55661596_2302268763159435_6710805375441960960_n.jpg\" title=\"55661596_2302268763159435_6710805375441960960_n\" crop=\"\" width=\"169\" height=\"300\" src=\"http:\/\/przedszkola-lwowekslaski.pl\/nowa\/wp-content\/uploads\/2019\/08\/55661596_2302268763159435_6710805375441960960_n-169x300.jpg\" data-src=\"http:\/\/przedszkola-lwowekslaski.pl\/nowa\/wp-content\/uploads\/2019\/08\/55661596_2302268763159435_6710805375441960960_n-169x300.jpg\" data-caption=\"\" srcset=\"http:\/\/przedszkola-lwowekslaski.pl\/nowa\/wp-content\/uploads\/2019\/08\/55661596_2302268763159435_6710805375441960960_n.jpg 1148w, http:\/\/przedszkola-lwowekslaski.pl\/nowa\/wp-content\/uploads\/2019\/08\/55661596_2302268763159435_6710805375441960960_n-169x300.jpg 169w, http:\/\/przedszkola-lwowekslaski.pl\/nowa\/wp-content\/uploads\/2019\/08\/55661596_2302268763159435_6710805375441960960_n-768x1365.jpg 768w, http:\/\/przedszkola-lwowekslaski.pl\/nowa\/wp-content\/uploads\/2019\/08\/55661596_2302268763159435_6710805375441960960_n-576x1024.jpg 576w, http:\/\/przedszkola-lwowekslaski.pl\/nowa\/wp-content\/uploads\/2019\/08\/55661596_2302268763159435_6710805375441960960_n-197x350.jpg 197w\" sizes=\"auto, (max-width: 169px) 100vw, 169px\" \/>\n\t\t<div class=\"figc no-description\">\n\t\t\t<div class=\"figc-inner\">\n\t\t\t\t\t\t\t\t\t<div class='jtg-title'>55661596_2302268763159435_6710805375441960960_n<\/div>\n\t\t\t\t\t\t\t\t\t\t\t\t\t\t\t<\/div>\n\t\t<\/div>\n\n\t<\/div>\n\n<\/div><div class=\"modula-item effect-pufrobo\" >\n\t<div class=\"modula-item-overlay\"><\/div>\n\n\t<div class=\"modula-item-content\">\n\n\t\t<a data-image-id=\"130\" role=\"button\" data-elementor-open-lightbox=\"no\" tabindex=\"0\" rel=\"jtg-264\" data-caption=\"\" aria-label=\"Otw\u00f3rz obrazek w lightboxie\" class=\"tile-inner modula-item-link\"><\/a><img loading=\"lazy\" decoding=\"async\" class=\"pic wp-image-130\"  data-valign=\"middle\" data-halign=\"center\" alt=\"\" data-full=\"http:\/\/przedszkola-lwowekslaski.pl\/nowa\/wp-content\/uploads\/2019\/08\/55649713_853032761707836_550204414632132608_n.jpg\" title=\"Dzie\u0144 wody w Przedszkolu\" crop=\"\" width=\"169\" height=\"300\" src=\"http:\/\/przedszkola-lwowekslaski.pl\/nowa\/wp-content\/uploads\/2019\/08\/55649713_853032761707836_550204414632132608_n-169x300.jpg\" data-src=\"http:\/\/przedszkola-lwowekslaski.pl\/nowa\/wp-content\/uploads\/2019\/08\/55649713_853032761707836_550204414632132608_n-169x300.jpg\" data-caption=\"\" srcset=\"http:\/\/przedszkola-lwowekslaski.pl\/nowa\/wp-content\/uploads\/2019\/08\/55649713_853032761707836_550204414632132608_n.jpg 1148w, http:\/\/przedszkola-lwowekslaski.pl\/nowa\/wp-content\/uploads\/2019\/08\/55649713_853032761707836_550204414632132608_n-169x300.jpg 169w, http:\/\/przedszkola-lwowekslaski.pl\/nowa\/wp-content\/uploads\/2019\/08\/55649713_853032761707836_550204414632132608_n-768x1365.jpg 768w, http:\/\/przedszkola-lwowekslaski.pl\/nowa\/wp-content\/uploads\/2019\/08\/55649713_853032761707836_550204414632132608_n-576x1024.jpg 576w, http:\/\/przedszkola-lwowekslaski.pl\/nowa\/wp-content\/uploads\/2019\/08\/55649713_853032761707836_550204414632132608_n-197x350.jpg 197w\" sizes=\"auto, (max-width: 169px) 100vw, 169px\" \/>\n\t\t<div class=\"figc no-description\">\n\t\t\t<div class=\"figc-inner\">\n\t\t\t\t\t\t\t\t\t<div class='jtg-title'>Dzie\u0144 wody w Przedszkolu<\/div>\n\t\t\t\t\t\t\t\t\t\t\t\t\t\t\t<\/div>\n\t\t<\/div>\n\n\t<\/div>\n\n<\/div><div class=\"modula-item effect-pufrobo\" >\n\t<div class=\"modula-item-overlay\"><\/div>\n\n\t<div class=\"modula-item-content\">\n\n\t\t<a data-image-id=\"129\" role=\"button\" data-elementor-open-lightbox=\"no\" tabindex=\"0\" rel=\"jtg-264\" data-caption=\"\" aria-label=\"Otw\u00f3rz obrazek w lightboxie\" class=\"tile-inner modula-item-link\"><\/a><img loading=\"lazy\" decoding=\"async\" class=\"pic wp-image-129\"  data-valign=\"middle\" data-halign=\"center\" alt=\"\" data-full=\"http:\/\/przedszkola-lwowekslaski.pl\/nowa\/wp-content\/uploads\/2019\/08\/55520975_272382733653875_5635585309598023680_n.jpg\" title=\"55520975_272382733653875_5635585309598023680_n\" crop=\"\" width=\"169\" height=\"300\" src=\"http:\/\/przedszkola-lwowekslaski.pl\/nowa\/wp-content\/uploads\/2019\/08\/55520975_272382733653875_5635585309598023680_n-169x300.jpg\" data-src=\"http:\/\/przedszkola-lwowekslaski.pl\/nowa\/wp-content\/uploads\/2019\/08\/55520975_272382733653875_5635585309598023680_n-169x300.jpg\" data-caption=\"\" srcset=\"http:\/\/przedszkola-lwowekslaski.pl\/nowa\/wp-content\/uploads\/2019\/08\/55520975_272382733653875_5635585309598023680_n.jpg 1148w, http:\/\/przedszkola-lwowekslaski.pl\/nowa\/wp-content\/uploads\/2019\/08\/55520975_272382733653875_5635585309598023680_n-169x300.jpg 169w, http:\/\/przedszkola-lwowekslaski.pl\/nowa\/wp-content\/uploads\/2019\/08\/55520975_272382733653875_5635585309598023680_n-768x1365.jpg 768w, http:\/\/przedszkola-lwowekslaski.pl\/nowa\/wp-content\/uploads\/2019\/08\/55520975_272382733653875_5635585309598023680_n-576x1024.jpg 576w, http:\/\/przedszkola-lwowekslaski.pl\/nowa\/wp-content\/uploads\/2019\/08\/55520975_272382733653875_5635585309598023680_n-197x350.jpg 197w\" sizes=\"auto, (max-width: 169px) 100vw, 169px\" \/>\n\t\t<div class=\"figc no-description\">\n\t\t\t<div class=\"figc-inner\">\n\t\t\t\t\t\t\t\t\t<div class='jtg-title'>55520975_272382733653875_5635585309598023680_n<\/div>\n\t\t\t\t\t\t\t\t\t\t\t\t\t\t\t<\/div>\n\t\t<\/div>\n\n\t<\/div>\n\n<\/div><div class=\"modula-item effect-pufrobo\" >\n\t<div class=\"modula-item-overlay\"><\/div>\n\n\t<div class=\"modula-item-content\">\n\n\t\t<a data-image-id=\"128\" role=\"button\" data-elementor-open-lightbox=\"no\" tabindex=\"0\" rel=\"jtg-264\" data-caption=\"\" aria-label=\"Otw\u00f3rz obrazek w lightboxie\" class=\"tile-inner modula-item-link\"><\/a><img loading=\"lazy\" decoding=\"async\" class=\"pic wp-image-128\"  data-valign=\"middle\" data-halign=\"center\" alt=\"Dzie\u0144 wody w przedszkolu\" data-full=\"http:\/\/przedszkola-lwowekslaski.pl\/nowa\/wp-content\/uploads\/2019\/08\/55510818_420408118769974_8020601544082718720_n.jpg\" title=\"Dzie\u0144 wody w przedszkolu\" crop=\"\" width=\"300\" height=\"169\" src=\"http:\/\/przedszkola-lwowekslaski.pl\/nowa\/wp-content\/uploads\/2019\/08\/55510818_420408118769974_8020601544082718720_n-300x169.jpg\" data-src=\"http:\/\/przedszkola-lwowekslaski.pl\/nowa\/wp-content\/uploads\/2019\/08\/55510818_420408118769974_8020601544082718720_n-300x169.jpg\" data-caption=\"\" srcset=\"http:\/\/przedszkola-lwowekslaski.pl\/nowa\/wp-content\/uploads\/2019\/08\/55510818_420408118769974_8020601544082718720_n.jpg 2040w, http:\/\/przedszkola-lwowekslaski.pl\/nowa\/wp-content\/uploads\/2019\/08\/55510818_420408118769974_8020601544082718720_n-300x169.jpg 300w, http:\/\/przedszkola-lwowekslaski.pl\/nowa\/wp-content\/uploads\/2019\/08\/55510818_420408118769974_8020601544082718720_n-768x432.jpg 768w, http:\/\/przedszkola-lwowekslaski.pl\/nowa\/wp-content\/uploads\/2019\/08\/55510818_420408118769974_8020601544082718720_n-1024x576.jpg 1024w, http:\/\/przedszkola-lwowekslaski.pl\/nowa\/wp-content\/uploads\/2019\/08\/55510818_420408118769974_8020601544082718720_n-622x350.jpg 622w\" sizes=\"auto, (max-width: 300px) 100vw, 300px\" \/>\n\t\t<div class=\"figc no-description\">\n\t\t\t<div class=\"figc-inner\">\n\t\t\t\t\t\t\t\t\t<div class='jtg-title'>Dzie\u0144 wody w przedszkolu<\/div>\n\t\t\t\t\t\t\t\t\t\t\t\t\t\t\t<\/div>\n\t\t<\/div>\n\n\t<\/div>\n\n<\/div><div class=\"modula-item effect-pufrobo\" >\n\t<div class=\"modula-item-overlay\"><\/div>\n\n\t<div class=\"modula-item-content\">\n\n\t\t<a data-image-id=\"127\" role=\"button\" data-elementor-open-lightbox=\"no\" tabindex=\"0\" rel=\"jtg-264\" data-caption=\"\" aria-label=\"Otw\u00f3rz obrazek w lightboxie\" class=\"tile-inner modula-item-link\"><\/a><img loading=\"lazy\" decoding=\"async\" class=\"pic wp-image-127\"  data-valign=\"middle\" data-halign=\"center\" alt=\"\" data-full=\"http:\/\/przedszkola-lwowekslaski.pl\/nowa\/wp-content\/uploads\/2019\/08\/55464987_2307404526249489_9199232997801328640_n.jpg\" title=\"55464987_2307404526249489_9199232997801328640_n\" crop=\"\" width=\"169\" height=\"300\" src=\"http:\/\/przedszkola-lwowekslaski.pl\/nowa\/wp-content\/uploads\/2019\/08\/55464987_2307404526249489_9199232997801328640_n-169x300.jpg\" data-src=\"http:\/\/przedszkola-lwowekslaski.pl\/nowa\/wp-content\/uploads\/2019\/08\/55464987_2307404526249489_9199232997801328640_n-169x300.jpg\" data-caption=\"\" srcset=\"http:\/\/przedszkola-lwowekslaski.pl\/nowa\/wp-content\/uploads\/2019\/08\/55464987_2307404526249489_9199232997801328640_n.jpg 1148w, http:\/\/przedszkola-lwowekslaski.pl\/nowa\/wp-content\/uploads\/2019\/08\/55464987_2307404526249489_9199232997801328640_n-169x300.jpg 169w, http:\/\/przedszkola-lwowekslaski.pl\/nowa\/wp-content\/uploads\/2019\/08\/55464987_2307404526249489_9199232997801328640_n-768x1365.jpg 768w, http:\/\/przedszkola-lwowekslaski.pl\/nowa\/wp-content\/uploads\/2019\/08\/55464987_2307404526249489_9199232997801328640_n-576x1024.jpg 576w, http:\/\/przedszkola-lwowekslaski.pl\/nowa\/wp-content\/uploads\/2019\/08\/55464987_2307404526249489_9199232997801328640_n-197x350.jpg 197w\" sizes=\"auto, (max-width: 169px) 100vw, 169px\" \/>\n\t\t<div class=\"figc no-description\">\n\t\t\t<div class=\"figc-inner\">\n\t\t\t\t\t\t\t\t\t<div class='jtg-title'>55464987_2307404526249489_9199232997801328640_n<\/div>\n\t\t\t\t\t\t\t\t\t\t\t\t\t\t\t<\/div>\n\t\t<\/div>\n\n\t<\/div>\n\n<\/div><div class=\"modula-item effect-pufrobo\" >\n\t<div class=\"modula-item-overlay\"><\/div>\n\n\t<div class=\"modula-item-content\">\n\n\t\t<a data-image-id=\"126\" role=\"button\" data-elementor-open-lightbox=\"no\" tabindex=\"0\" rel=\"jtg-264\" data-caption=\"\" aria-label=\"Otw\u00f3rz obrazek w lightboxie\" class=\"tile-inner modula-item-link\"><\/a><img loading=\"lazy\" decoding=\"async\" class=\"pic wp-image-126\"  data-valign=\"middle\" data-halign=\"center\" alt=\"\" data-full=\"http:\/\/przedszkola-lwowekslaski.pl\/nowa\/wp-content\/uploads\/2019\/08\/54798018_259925078248732_7643291450267926528_n.jpg\" title=\"54798018_259925078248732_7643291450267926528_n\" crop=\"\" width=\"300\" height=\"169\" src=\"http:\/\/przedszkola-lwowekslaski.pl\/nowa\/wp-content\/uploads\/2019\/08\/54798018_259925078248732_7643291450267926528_n-300x169.jpg\" data-src=\"http:\/\/przedszkola-lwowekslaski.pl\/nowa\/wp-content\/uploads\/2019\/08\/54798018_259925078248732_7643291450267926528_n-300x169.jpg\" data-caption=\"\" srcset=\"http:\/\/przedszkola-lwowekslaski.pl\/nowa\/wp-content\/uploads\/2019\/08\/54798018_259925078248732_7643291450267926528_n.jpg 2040w, http:\/\/przedszkola-lwowekslaski.pl\/nowa\/wp-content\/uploads\/2019\/08\/54798018_259925078248732_7643291450267926528_n-300x169.jpg 300w, http:\/\/przedszkola-lwowekslaski.pl\/nowa\/wp-content\/uploads\/2019\/08\/54798018_259925078248732_7643291450267926528_n-768x432.jpg 768w, http:\/\/przedszkola-lwowekslaski.pl\/nowa\/wp-content\/uploads\/2019\/08\/54798018_259925078248732_7643291450267926528_n-1024x576.jpg 1024w, http:\/\/przedszkola-lwowekslaski.pl\/nowa\/wp-content\/uploads\/2019\/08\/54798018_259925078248732_7643291450267926528_n-622x350.jpg 622w\" sizes=\"auto, (max-width: 300px) 100vw, 300px\" \/>\n\t\t<div class=\"figc no-description\">\n\t\t\t<div class=\"figc-inner\">\n\t\t\t\t\t\t\t\t\t<div class='jtg-title'>54798018_259925078248732_7643291450267926528_n<\/div>\n\t\t\t\t\t\t\t\t\t\t\t\t\t\t\t<\/div>\n\t\t<\/div>\n\n\t<\/div>\n\n<\/div><div class=\"modula-item effect-pufrobo\" >\n\t<div class=\"modula-item-overlay\"><\/div>\n\n\t<div class=\"modula-item-content\">\n\n\t\t<a data-image-id=\"125\" role=\"button\" data-elementor-open-lightbox=\"no\" tabindex=\"0\" rel=\"jtg-264\" data-caption=\"\" aria-label=\"Otw\u00f3rz obrazek w lightboxie\" class=\"tile-inner modula-item-link\"><\/a><img loading=\"lazy\" decoding=\"async\" class=\"pic wp-image-125\"  data-valign=\"middle\" data-halign=\"center\" alt=\"\" data-full=\"http:\/\/przedszkola-lwowekslaski.pl\/nowa\/wp-content\/uploads\/2019\/08\/54523962_270728580529920_2679132884790411264_n.jpg\" title=\"54523962_270728580529920_2679132884790411264_n\" crop=\"\" width=\"300\" height=\"169\" src=\"http:\/\/przedszkola-lwowekslaski.pl\/nowa\/wp-content\/uploads\/2019\/08\/54523962_270728580529920_2679132884790411264_n-300x169.jpg\" data-src=\"http:\/\/przedszkola-lwowekslaski.pl\/nowa\/wp-content\/uploads\/2019\/08\/54523962_270728580529920_2679132884790411264_n-300x169.jpg\" data-caption=\"\" srcset=\"http:\/\/przedszkola-lwowekslaski.pl\/nowa\/wp-content\/uploads\/2019\/08\/54523962_270728580529920_2679132884790411264_n.jpg 2040w, http:\/\/przedszkola-lwowekslaski.pl\/nowa\/wp-content\/uploads\/2019\/08\/54523962_270728580529920_2679132884790411264_n-300x169.jpg 300w, http:\/\/przedszkola-lwowekslaski.pl\/nowa\/wp-content\/uploads\/2019\/08\/54523962_270728580529920_2679132884790411264_n-768x432.jpg 768w, http:\/\/przedszkola-lwowekslaski.pl\/nowa\/wp-content\/uploads\/2019\/08\/54523962_270728580529920_2679132884790411264_n-1024x576.jpg 1024w, http:\/\/przedszkola-lwowekslaski.pl\/nowa\/wp-content\/uploads\/2019\/08\/54523962_270728580529920_2679132884790411264_n-622x350.jpg 622w\" sizes=\"auto, (max-width: 300px) 100vw, 300px\" \/>\n\t\t<div class=\"figc no-description\">\n\t\t\t<div class=\"figc-inner\">\n\t\t\t\t\t\t\t\t\t<div class='jtg-title'>54523962_270728580529920_2679132884790411264_n<\/div>\n\t\t\t\t\t\t\t\t\t\t\t\t\t\t\t<\/div>\n\t\t<\/div>\n\n\t<\/div>\n\n<\/div><div class=\"modula-item effect-pufrobo\" >\n\t<div class=\"modula-item-overlay\"><\/div>\n\n\t<div class=\"modula-item-content\">\n\n\t\t<a data-image-id=\"124\" role=\"button\" data-elementor-open-lightbox=\"no\" tabindex=\"0\" rel=\"jtg-264\" data-caption=\"\" aria-label=\"Otw\u00f3rz obrazek w lightboxie\" class=\"tile-inner modula-item-link\"><\/a><img loading=\"lazy\" decoding=\"async\" class=\"pic wp-image-124\"  data-valign=\"middle\" data-halign=\"center\" alt=\"\" data-full=\"http:\/\/przedszkola-lwowekslaski.pl\/nowa\/wp-content\/uploads\/2019\/08\/54523777_2400203270024804_6279417584626434048_n.jpg\" title=\"54523777_2400203270024804_6279417584626434048_n\" crop=\"\" width=\"169\" height=\"300\" src=\"http:\/\/przedszkola-lwowekslaski.pl\/nowa\/wp-content\/uploads\/2019\/08\/54523777_2400203270024804_6279417584626434048_n-169x300.jpg\" data-src=\"http:\/\/przedszkola-lwowekslaski.pl\/nowa\/wp-content\/uploads\/2019\/08\/54523777_2400203270024804_6279417584626434048_n-169x300.jpg\" data-caption=\"\" srcset=\"http:\/\/przedszkola-lwowekslaski.pl\/nowa\/wp-content\/uploads\/2019\/08\/54523777_2400203270024804_6279417584626434048_n.jpg 1148w, http:\/\/przedszkola-lwowekslaski.pl\/nowa\/wp-content\/uploads\/2019\/08\/54523777_2400203270024804_6279417584626434048_n-169x300.jpg 169w, http:\/\/przedszkola-lwowekslaski.pl\/nowa\/wp-content\/uploads\/2019\/08\/54523777_2400203270024804_6279417584626434048_n-768x1365.jpg 768w, http:\/\/przedszkola-lwowekslaski.pl\/nowa\/wp-content\/uploads\/2019\/08\/54523777_2400203270024804_6279417584626434048_n-576x1024.jpg 576w, http:\/\/przedszkola-lwowekslaski.pl\/nowa\/wp-content\/uploads\/2019\/08\/54523777_2400203270024804_6279417584626434048_n-197x350.jpg 197w\" sizes=\"auto, (max-width: 169px) 100vw, 169px\" \/>\n\t\t<div class=\"figc no-description\">\n\t\t\t<div class=\"figc-inner\">\n\t\t\t\t\t\t\t\t\t<div class='jtg-title'>54523777_2400203270024804_6279417584626434048_n<\/div>\n\t\t\t\t\t\t\t\t\t\t\t\t\t\t\t<\/div>\n\t\t<\/div>\n\n\t<\/div>\n\n<\/div><div class=\"modula-item effect-pufrobo\" >\n\t<div class=\"modula-item-overlay\"><\/div>\n\n\t<div class=\"modula-item-content\">\n\n\t\t<a data-image-id=\"123\" role=\"button\" data-elementor-open-lightbox=\"no\" tabindex=\"0\" rel=\"jtg-264\" data-caption=\"\" aria-label=\"Otw\u00f3rz obrazek w lightboxie\" class=\"tile-inner modula-item-link\"><\/a><img loading=\"lazy\" decoding=\"async\" class=\"pic wp-image-123\"  data-valign=\"middle\" data-halign=\"center\" alt=\"\" data-full=\"http:\/\/przedszkola-lwowekslaski.pl\/nowa\/wp-content\/uploads\/2019\/08\/54519997_304349693587600_929893349098258432_n.jpg\" title=\"54519997_304349693587600_929893349098258432_n\" crop=\"\" width=\"169\" height=\"300\" src=\"http:\/\/przedszkola-lwowekslaski.pl\/nowa\/wp-content\/uploads\/2019\/08\/54519997_304349693587600_929893349098258432_n-169x300.jpg\" data-src=\"http:\/\/przedszkola-lwowekslaski.pl\/nowa\/wp-content\/uploads\/2019\/08\/54519997_304349693587600_929893349098258432_n-169x300.jpg\" data-caption=\"\" srcset=\"http:\/\/przedszkola-lwowekslaski.pl\/nowa\/wp-content\/uploads\/2019\/08\/54519997_304349693587600_929893349098258432_n.jpg 1148w, http:\/\/przedszkola-lwowekslaski.pl\/nowa\/wp-content\/uploads\/2019\/08\/54519997_304349693587600_929893349098258432_n-169x300.jpg 169w, http:\/\/przedszkola-lwowekslaski.pl\/nowa\/wp-content\/uploads\/2019\/08\/54519997_304349693587600_929893349098258432_n-768x1365.jpg 768w, http:\/\/przedszkola-lwowekslaski.pl\/nowa\/wp-content\/uploads\/2019\/08\/54519997_304349693587600_929893349098258432_n-576x1024.jpg 576w, http:\/\/przedszkola-lwowekslaski.pl\/nowa\/wp-content\/uploads\/2019\/08\/54519997_304349693587600_929893349098258432_n-197x350.jpg 197w\" sizes=\"auto, (max-width: 169px) 100vw, 169px\" \/>\n\t\t<div class=\"figc no-description\">\n\t\t\t<div class=\"figc-inner\">\n\t\t\t\t\t\t\t\t\t<div class='jtg-title'>54519997_304349693587600_929893349098258432_n<\/div>\n\t\t\t\t\t\t\t\t\t\t\t\t\t\t\t<\/div>\n\t\t<\/div>\n\n\t<\/div>\n\n<\/div><div class=\"modula-item effect-pufrobo\" >\n\t<div class=\"modula-item-overlay\"><\/div>\n\n\t<div class=\"modula-item-content\">\n\n\t\t<a data-image-id=\"122\" role=\"button\" data-elementor-open-lightbox=\"no\" tabindex=\"0\" rel=\"jtg-264\" data-caption=\"\" aria-label=\"Otw\u00f3rz obrazek w lightboxie\" class=\"tile-inner modula-item-link\"><\/a><img loading=\"lazy\" decoding=\"async\" class=\"pic wp-image-122\"  data-valign=\"middle\" data-halign=\"center\" alt=\"\" data-full=\"http:\/\/przedszkola-lwowekslaski.pl\/nowa\/wp-content\/uploads\/2019\/08\/54458171_346096292682934_2062342230663757824_n.jpg\" title=\"54458171_346096292682934_2062342230663757824_n\" crop=\"\" width=\"169\" height=\"300\" src=\"http:\/\/przedszkola-lwowekslaski.pl\/nowa\/wp-content\/uploads\/2019\/08\/54458171_346096292682934_2062342230663757824_n-169x300.jpg\" data-src=\"http:\/\/przedszkola-lwowekslaski.pl\/nowa\/wp-content\/uploads\/2019\/08\/54458171_346096292682934_2062342230663757824_n-169x300.jpg\" data-caption=\"\" srcset=\"http:\/\/przedszkola-lwowekslaski.pl\/nowa\/wp-content\/uploads\/2019\/08\/54458171_346096292682934_2062342230663757824_n.jpg 1148w, http:\/\/przedszkola-lwowekslaski.pl\/nowa\/wp-content\/uploads\/2019\/08\/54458171_346096292682934_2062342230663757824_n-169x300.jpg 169w, http:\/\/przedszkola-lwowekslaski.pl\/nowa\/wp-content\/uploads\/2019\/08\/54458171_346096292682934_2062342230663757824_n-768x1365.jpg 768w, http:\/\/przedszkola-lwowekslaski.pl\/nowa\/wp-content\/uploads\/2019\/08\/54458171_346096292682934_2062342230663757824_n-576x1024.jpg 576w, http:\/\/przedszkola-lwowekslaski.pl\/nowa\/wp-content\/uploads\/2019\/08\/54458171_346096292682934_2062342230663757824_n-197x350.jpg 197w\" sizes=\"auto, (max-width: 169px) 100vw, 169px\" \/>\n\t\t<div class=\"figc no-description\">\n\t\t\t<div class=\"figc-inner\">\n\t\t\t\t\t\t\t\t\t<div class='jtg-title'>54458171_346096292682934_2062342230663757824_n<\/div>\n\t\t\t\t\t\t\t\t\t\t\t\t\t\t\t<\/div>\n\t\t<\/div>\n\n\t<\/div>\n\n<\/div>\t\t\n\t<\/div>\n\n\t\n\t\n\t<script type=\"application\/ld+json\">\n\t{\n\t\t\"@context\": \"http:\/\/schema.org\",\n\t\t\"@type\"   : \"ImageGallery\",\n\t\t\"id\"      : \"http:\/\/przedszkola-lwowekslaski.pl\/nowa\/dzien-wody-w-przedszkolu\/\",\n\t\t\"url\"     : \"http:\/\/przedszkola-lwowekslaski.pl\/nowa\/dzien-wody-w-przedszkolu\/\"\n\t}\n\n\t<\/script>\n\n\t\n<\/div>\n\n","protected":false},"excerpt":{"rendered":"<p>Dzie\u0144 Wody &nbsp; \u015awi\u0119towanie Dnia Wody odby\u0142o si\u0119 &hellip;<\/p>\n","protected":false},"author":1,"featured_media":0,"parent":0,"menu_order":0,"comment_status":"closed","ping_status":"closed","template":"","meta":{"footnotes":""},"class_list":["post-262","page","type-page","status-publish","hentry"],"_links":{"self":[{"href":"http:\/\/przedszkola-lwowekslaski.pl\/nowa\/wp-json\/wp\/v2\/pages\/262","targetHints":{"allow":["GET"]}}],"collection":[{"href":"http:\/\/przedszkola-lwowekslaski.pl\/nowa\/wp-json\/wp\/v2\/pages"}],"about":[{"href":"http:\/\/przedszkola-lwowekslaski.pl\/nowa\/wp-json\/wp\/v2\/types\/page"}],"author":[{"embeddable":true,"href":"http:\/\/przedszkola-lwowekslaski.pl\/nowa\/wp-json\/wp\/v2\/users\/1"}],"replies":[{"embeddable":true,"href":"http:\/\/przedszkola-lwowekslaski.pl\/nowa\/wp-json\/wp\/v2\/comments?post=262"}],"version-history":[{"count":3,"href":"http:\/\/przedszkola-lwowekslaski.pl\/nowa\/wp-json\/wp\/v2\/pages\/262\/revisions"}],"predecessor-version":[{"id":270,"href":"http:\/\/przedszkola-lwowekslaski.pl\/nowa\/wp-json\/wp\/v2\/pages\/262\/revisions\/270"}],"wp:attachment":[{"href":"http:\/\/przedszkola-lwowekslaski.pl\/nowa\/wp-json\/wp\/v2\/media?parent=262"}],"curies":[{"name":"wp","href":"https:\/\/api.w.org\/{rel}","templated":true}]}}